{"id":1963,"date":"2018-02-05T11:07:51","date_gmt":"2018-02-05T10:07:51","guid":{"rendered":"http:\/\/www.ulrich-heister.de\/bewusstseinsblog\/?page_id=1963"},"modified":"2019-06-14T14:14:17","modified_gmt":"2019-06-14T12:14:17","slug":"blog","status":"publish","type":"page","link":"https:\/\/ulrich-heister.de\/bewusstseinsblog\/","title":{"rendered":"Blog"},"content":{"rendered":"\n<style type=\"text\/css\" data-created_by=\"avia_inline_auto\" id=\"style-css-av-flta3-c4ec22fa09501c2821b1ef9e4a60b1a6\">\n.flex_column.av-flta3-c4ec22fa09501c2821b1ef9e4a60b1a6{\nborder-radius:0px 0px 0px 0px;\npadding:0px 0px 0px 0px;\n}\n<\/style>\n<div  class='flex_column av-flta3-c4ec22fa09501c2821b1ef9e4a60b1a6 av_one_full  avia-builder-el-0  avia-builder-el-no-sibling  first flex_column_div av-zero-column-padding  '     ><div id='av-masonry-1' class='av-masonry av-220v5n-5769d50cf4db76dcc5f8e3bb571b4b2f noHover av-flex-size av-large-gap av-hover-overlay- av-masonry-animation-active av-masonry-col-3 av-caption-always av-caption-style- av-masonry-entries ' data-post_id=\"1963\"><div class=\"av-masonry-container isotope av-js-disabled\"><div class='av-masonry-entry isotope-item av-masonry-item-no-image '><\/div><a href=\"https:\/\/ulrich-heister.de\/bewusstseinsblog\/uebung-zur-selbstbefreiung\/\"  id='av-masonry-1-item-2486' data-av-masonry-item='2486' class='av-masonry-entry isotope-item post-2486 post type-post status-publish format-image has-post-thumbnail hentry category-thema tag-grenzen tag-identifikation tag-identitat tag-meditation tag-selbstbefreiung tag-uebung post_format-post-format-image  av-masonry-item-with-image' title=\"Tableau Grenzen\"   itemscope=\"itemscope\" itemtype=\"https:\/\/schema.org\/CreativeWork\" ><div class='av-inner-masonry-sizer'><\/div><figure class='av-inner-masonry main_color'><div class=\"av-masonry-outerimage-container\"><div class='av-masonry-image-container'  ><img decoding=\"async\" width=\"705\" height=\"705\" fetchpriority=\"high\" class=\"wp-image-2485 avia-img-lazy-loading-not-2485\"  src=\"https:\/\/ulrich-heister.de\/bewusstseinsblog\/wp-content\/uploads\/2019\/11\/Tableau-Grenzen-705x705.jpg\" title=\"Tableau Grenzen\" alt=\"\" srcset=\"https:\/\/ulrich-heister.de\/bewusstseinsblog\/wp-content\/uploads\/2019\/11\/Tableau-Grenzen-705x705.jpg 705w, https:\/\/ulrich-heister.de\/bewusstseinsblog\/wp-content\/uploads\/2019\/11\/Tableau-Grenzen-300x300.jpg 300w, https:\/\/ulrich-heister.de\/bewusstseinsblog\/wp-content\/uploads\/2019\/11\/Tableau-Grenzen-1030x1030.jpg 1030w, https:\/\/ulrich-heister.de\/bewusstseinsblog\/wp-content\/uploads\/2019\/11\/Tableau-Grenzen-80x80.jpg 80w, https:\/\/ulrich-heister.de\/bewusstseinsblog\/wp-content\/uploads\/2019\/11\/Tableau-Grenzen-768x768.jpg 768w, https:\/\/ulrich-heister.de\/bewusstseinsblog\/wp-content\/uploads\/2019\/11\/Tableau-Grenzen-1536x1536.jpg 1536w, https:\/\/ulrich-heister.de\/bewusstseinsblog\/wp-content\/uploads\/2019\/11\/Tableau-Grenzen-36x36.jpg 36w, https:\/\/ulrich-heister.de\/bewusstseinsblog\/wp-content\/uploads\/2019\/11\/Tableau-Grenzen-180x180.jpg 180w, https:\/\/ulrich-heister.de\/bewusstseinsblog\/wp-content\/uploads\/2019\/11\/Tableau-Grenzen-1500x1500.jpg 1500w, https:\/\/ulrich-heister.de\/bewusstseinsblog\/wp-content\/uploads\/2019\/11\/Tableau-Grenzen.jpg 2000w\" sizes=\"(max-width: 705px) 100vw, 705px\" \/><\/div><\/div><figcaption class='av-inner-masonry-content site-background'><div class='av-inner-masonry-content-pos'><div class='av-inner-masonry-content-pos-content'><div class='avia-arrow'><\/div><h3 class='av-masonry-entry-title entry-title '  itemprop=\"headline\" >\u00dcbung zur Selbstbefreiung<\/h3><div class='av-masonry-entry-content entry-content'  itemprop=\"text\" >Wir gehen fast alle davon aus, dass unser Selbst mit der K\u00f6rperoberfl\u00e4che\u2026<\/div><span class='av-masonry-date meta-color updated'>30. M\u00e4rz 2020<\/span><span class=\"av-masonry-text-sep text-sep-author\">\/<\/span><span class='av-masonry-author meta-color author'><span class='fn'>von Ulrich Heister<\/span><\/span><\/div><\/div><\/figcaption><\/figure><\/a><!--end av-masonry entry--><a href=\"https:\/\/ulrich-heister.de\/bewusstseinsblog\/wer-ich-bin-was-mich-bewegt-und-was-ich-fuer-dich-tun-kann\/\"  id='av-masonry-1-item-1922' data-av-masonry-item='1922' class='av-masonry-entry isotope-item post-1922 post type-post status-publish format-image has-post-thumbnail hentry category-video tag-hypnosetherapie tag-psychotherapie tag-ulrich-heister post_format-post-format-image  av-masonry-item-with-image' title=\"blog \u00fcber mich\"   itemscope=\"itemscope\" itemtype=\"https:\/\/schema.org\/CreativeWork\" ><div class='av-inner-masonry-sizer'><\/div><figure class='av-inner-masonry main_color'><div class=\"av-masonry-outerimage-container\"><div class='av-masonry-image-container'  ><img decoding=\"async\" width=\"705\" height=\"353\" fetchpriority=\"high\" class=\"wp-image-2164 avia-img-lazy-loading-not-2164\"  src=\"https:\/\/ulrich-heister.de\/bewusstseinsblog\/wp-content\/uploads\/2018\/05\/blog-\u00fcber-mich-705x353.jpg\" title=\"blog \u00fcber mich\" alt=\"Praxis f\u00fcr Psychotherapie und Hypnosetherapie | ulrich-heister.de\" srcset=\"https:\/\/ulrich-heister.de\/bewusstseinsblog\/wp-content\/uploads\/2018\/05\/blog-\u00fcber-mich-705x353.jpg 705w, https:\/\/ulrich-heister.de\/bewusstseinsblog\/wp-content\/uploads\/2018\/05\/blog-\u00fcber-mich-300x150.jpg 300w, https:\/\/ulrich-heister.de\/bewusstseinsblog\/wp-content\/uploads\/2018\/05\/blog-\u00fcber-mich-768x384.jpg 768w, https:\/\/ulrich-heister.de\/bewusstseinsblog\/wp-content\/uploads\/2018\/05\/blog-\u00fcber-mich-450x225.jpg 450w, https:\/\/ulrich-heister.de\/bewusstseinsblog\/wp-content\/uploads\/2018\/05\/blog-\u00fcber-mich.jpg 800w\" sizes=\"(max-width: 705px) 100vw, 705px\" \/><\/div><\/div><figcaption class='av-inner-masonry-content site-background'><div class='av-inner-masonry-content-pos'><div class='av-inner-masonry-content-pos-content'><div class='avia-arrow'><\/div><h3 class='av-masonry-entry-title entry-title '  itemprop=\"headline\" >Wer ich bin, was mich bewegt und was ich f\u00fcr Dich tun kann<\/h3><div class='av-masonry-entry-content entry-content'  itemprop=\"text\" >Hallo und herzlich willkommen!<br \/>\r\nWenn ich selbst im Internet unterwegs\u2026<\/div><span class='av-masonry-date meta-color updated'>25. Dezember 2019<\/span><span class=\"av-masonry-text-sep text-sep-author\">\/<\/span><span class='av-masonry-author meta-color author'><span class='fn'>von Ulrich Heister<\/span><\/span><\/div><\/div><\/figcaption><\/figure><\/a><!--end av-masonry entry--><a href=\"https:\/\/ulrich-heister.de\/bewusstseinsblog\/selbstvertrauen-selbstwert-selbstbewusstsein-was-ist-das-genau-wie-kann-ich-es-staerken\/\"  id='av-masonry-1-item-2458' data-av-masonry-item='2458' class='av-masonry-entry isotope-item post-2458 post type-post status-publish format-image has-post-thumbnail hentry category-thema tag-bindung tag-kindheit tag-selbst tag-selbstbewusstsein tag-selbstvertrauen tag-selbstwerdung tag-selbstwert tag-verbindung tag-wachstum post_format-post-format-image  av-masonry-item-with-image' title=\"blog Selbstvertrauen neu\"   itemscope=\"itemscope\" itemtype=\"https:\/\/schema.org\/CreativeWork\" ><div class='av-inner-masonry-sizer'><\/div><figure class='av-inner-masonry main_color'><div class=\"av-masonry-outerimage-container\"><div class='av-masonry-image-container'  ><img decoding=\"async\" width=\"705\" height=\"353\" fetchpriority=\"high\" class=\"wp-image-2464 avia-img-lazy-loading-not-2464\"  src=\"https:\/\/ulrich-heister.de\/bewusstseinsblog\/wp-content\/uploads\/2019\/12\/blog-Selbstvertrauen-neu-705x353.jpg\" title=\"blog Selbstvertrauen neu\" alt=\"\" srcset=\"https:\/\/ulrich-heister.de\/bewusstseinsblog\/wp-content\/uploads\/2019\/12\/blog-Selbstvertrauen-neu-705x353.jpg 705w, https:\/\/ulrich-heister.de\/bewusstseinsblog\/wp-content\/uploads\/2019\/12\/blog-Selbstvertrauen-neu-300x150.jpg 300w, https:\/\/ulrich-heister.de\/bewusstseinsblog\/wp-content\/uploads\/2019\/12\/blog-Selbstvertrauen-neu-768x385.jpg 768w, https:\/\/ulrich-heister.de\/bewusstseinsblog\/wp-content\/uploads\/2019\/12\/blog-Selbstvertrauen-neu-450x226.jpg 450w, https:\/\/ulrich-heister.de\/bewusstseinsblog\/wp-content\/uploads\/2019\/12\/blog-Selbstvertrauen-neu.jpg 800w\" sizes=\"(max-width: 705px) 100vw, 705px\" \/><\/div><\/div><figcaption class='av-inner-masonry-content site-background'><div class='av-inner-masonry-content-pos'><div class='av-inner-masonry-content-pos-content'><div class='avia-arrow'><\/div><h3 class='av-masonry-entry-title entry-title '  itemprop=\"headline\" >Selbstvertrauen, Selbstwert, Selbstbewusstsein: Was ist das genau? Wie kann ich es st\u00e4rken?<\/h3><div class='av-masonry-entry-content entry-content'  itemprop=\"text\" >Selbstvertrauen, Selbstwert und Selbstbewusstsein: Viele Menschen\u2026<\/div><span class='av-masonry-date meta-color updated'>1. Dezember 2019<\/span><span class=\"av-masonry-text-sep text-sep-author\">\/<\/span><span class='av-masonry-author meta-color author'><span class='fn'>von Ulrich Heister<\/span><\/span><\/div><\/div><\/figcaption><\/figure><\/a><!--end av-masonry entry--><a href=\"https:\/\/ulrich-heister.de\/bewusstseinsblog\/zu-fuehlen-bedeutet-lebendig-zu-sein\/\"  id='av-masonry-1-item-2451' data-av-masonry-item='2451' class='av-masonry-entry isotope-item post-2451 post type-post status-publish format-image has-post-thumbnail hentry category-newsletter tag-gefuhle tag-lebendigkeit tag-widerstand post_format-post-format-image  av-masonry-item-with-image' title=\"Happy woman standing with her back on sunset in nature iwith open hands\"   itemscope=\"itemscope\" itemtype=\"https:\/\/schema.org\/CreativeWork\" ><div class='av-inner-masonry-sizer'><\/div><figure class='av-inner-masonry main_color'><div class=\"av-masonry-outerimage-container\"><div class='av-masonry-image-container'  ><img decoding=\"async\" width=\"705\" height=\"705\" fetchpriority=\"high\" class=\"wp-image-2452 avia-img-lazy-loading-not-2452\"  src=\"https:\/\/ulrich-heister.de\/bewusstseinsblog\/wp-content\/uploads\/2019\/11\/Tableau-F\u00fchlen-705x705.jpg\" title=\"Happy woman standing with her back on sunset in nature iwith open hands\" alt=\"\" srcset=\"https:\/\/ulrich-heister.de\/bewusstseinsblog\/wp-content\/uploads\/2019\/11\/Tableau-F\u00fchlen-705x705.jpg 705w, https:\/\/ulrich-heister.de\/bewusstseinsblog\/wp-content\/uploads\/2019\/11\/Tableau-F\u00fchlen-300x300.jpg 300w, https:\/\/ulrich-heister.de\/bewusstseinsblog\/wp-content\/uploads\/2019\/11\/Tableau-F\u00fchlen-1030x1030.jpg 1030w, https:\/\/ulrich-heister.de\/bewusstseinsblog\/wp-content\/uploads\/2019\/11\/Tableau-F\u00fchlen-80x80.jpg 80w, https:\/\/ulrich-heister.de\/bewusstseinsblog\/wp-content\/uploads\/2019\/11\/Tableau-F\u00fchlen-768x768.jpg 768w, https:\/\/ulrich-heister.de\/bewusstseinsblog\/wp-content\/uploads\/2019\/11\/Tableau-F\u00fchlen-1536x1536.jpg 1536w, https:\/\/ulrich-heister.de\/bewusstseinsblog\/wp-content\/uploads\/2019\/11\/Tableau-F\u00fchlen-36x36.jpg 36w, https:\/\/ulrich-heister.de\/bewusstseinsblog\/wp-content\/uploads\/2019\/11\/Tableau-F\u00fchlen-180x180.jpg 180w, https:\/\/ulrich-heister.de\/bewusstseinsblog\/wp-content\/uploads\/2019\/11\/Tableau-F\u00fchlen-1500x1500.jpg 1500w, https:\/\/ulrich-heister.de\/bewusstseinsblog\/wp-content\/uploads\/2019\/11\/Tableau-F\u00fchlen-120x120.jpg 120w, https:\/\/ulrich-heister.de\/bewusstseinsblog\/wp-content\/uploads\/2019\/11\/Tableau-F\u00fchlen-450x450.jpg 450w, https:\/\/ulrich-heister.de\/bewusstseinsblog\/wp-content\/uploads\/2019\/11\/Tableau-F\u00fchlen.jpg 2000w\" sizes=\"(max-width: 705px) 100vw, 705px\" \/><\/div><\/div><figcaption class='av-inner-masonry-content site-background'><div class='av-inner-masonry-content-pos'><div class='av-inner-masonry-content-pos-content'><div class='avia-arrow'><\/div><h3 class='av-masonry-entry-title entry-title '  itemprop=\"headline\" >Zu f\u00fchlen, bedeutet lebendig zu sein<\/h3><div class='av-masonry-entry-content entry-content'  itemprop=\"text\" >In unserem Kulturkreis war es schon immer angesagt, toll, erfolgreich,\u2026<\/div><span class='av-masonry-date meta-color updated'>20. November 2019<\/span><span class=\"av-masonry-text-sep text-sep-author\">\/<\/span><span class='av-masonry-author meta-color author'><span class='fn'>von Ulrich Heister<\/span><\/span><\/div><\/div><\/figcaption><\/figure><\/a><!--end av-masonry entry--><a href=\"https:\/\/ulrich-heister.de\/bewusstseinsblog\/psychotherapie-ist-im-grunde-simpel\/\"  id='av-masonry-1-item-2445' data-av-masonry-item='2445' class='av-masonry-entry isotope-item post-2445 post type-post status-publish format-image has-post-thumbnail hentry category-thema tag-einklang tag-erfahrungen tag-erlebnisse tag-gefuehl-verstand tag-heilung tag-hypnosetherapie tag-persoenlichkeitsmuster tag-psychotherapie tag-vergangenheit post_format-post-format-image  av-masonry-item-with-image' title=\"blog Weg\"   itemscope=\"itemscope\" itemtype=\"https:\/\/schema.org\/CreativeWork\" ><div class='av-inner-masonry-sizer'><\/div><figure class='av-inner-masonry main_color'><div class=\"av-masonry-outerimage-container\"><div class='av-masonry-image-container'  ><img decoding=\"async\" width=\"705\" height=\"353\" fetchpriority=\"high\" class=\"wp-image-2446 avia-img-lazy-loading-not-2446\"  src=\"https:\/\/ulrich-heister.de\/bewusstseinsblog\/wp-content\/uploads\/2019\/11\/blog-Weg-705x353.jpg\" title=\"blog Weg\" alt=\"\" srcset=\"https:\/\/ulrich-heister.de\/bewusstseinsblog\/wp-content\/uploads\/2019\/11\/blog-Weg-705x353.jpg 705w, https:\/\/ulrich-heister.de\/bewusstseinsblog\/wp-content\/uploads\/2019\/11\/blog-Weg-300x150.jpg 300w, https:\/\/ulrich-heister.de\/bewusstseinsblog\/wp-content\/uploads\/2019\/11\/blog-Weg-768x384.jpg 768w, https:\/\/ulrich-heister.de\/bewusstseinsblog\/wp-content\/uploads\/2019\/11\/blog-Weg-450x225.jpg 450w, https:\/\/ulrich-heister.de\/bewusstseinsblog\/wp-content\/uploads\/2019\/11\/blog-Weg.jpg 800w\" sizes=\"(max-width: 705px) 100vw, 705px\" \/><\/div><\/div><figcaption class='av-inner-masonry-content site-background'><div class='av-inner-masonry-content-pos'><div class='av-inner-masonry-content-pos-content'><div class='avia-arrow'><\/div><h3 class='av-masonry-entry-title entry-title '  itemprop=\"headline\" >Psychotherapie ist im Grunde simpel<\/h3><div class='av-masonry-entry-content entry-content'  itemprop=\"text\" >Warum sind wir, wie wir sind? Wir sind die Abbilder unserer Erlebnisse\u2026<\/div><span class='av-masonry-date meta-color updated'>6. November 2019<\/span><span class=\"av-masonry-text-sep text-sep-author\">\/<\/span><span class='av-masonry-author meta-color author'><span class='fn'>von Ulrich Heister<\/span><\/span><\/div><\/div><\/figcaption><\/figure><\/a><!--end av-masonry entry--><a href=\"https:\/\/ulrich-heister.de\/bewusstseinsblog\/gegenwaertigkeit-ist-dein-reset-knopf\/\"  id='av-masonry-1-item-2400' data-av-masonry-item='2400' class='av-masonry-entry isotope-item post-2400 post type-post status-publish format-image has-post-thumbnail hentry category-thema tag-angst tag-aengste tag-depression tag-emotionen tag-gedankenkreisen tag-gefuhle tag-gegenwart tag-gegenwaertigkeit tag-uebung post_format-post-format-image  av-masonry-item-with-image' title=\"Reset\"   itemscope=\"itemscope\" itemtype=\"https:\/\/schema.org\/CreativeWork\" ><div class='av-inner-masonry-sizer'><\/div><figure class='av-inner-masonry main_color'><div class=\"av-masonry-outerimage-container\"><div class='av-masonry-image-container'  ><img decoding=\"async\" width=\"705\" height=\"705\" fetchpriority=\"high\" class=\"wp-image-2401 avia-img-lazy-loading-not-2401\"  src=\"https:\/\/ulrich-heister.de\/bewusstseinsblog\/wp-content\/uploads\/2019\/05\/Reset-705x705.jpg\" title=\"Reset\" alt=\"\" srcset=\"https:\/\/ulrich-heister.de\/bewusstseinsblog\/wp-content\/uploads\/2019\/05\/Reset-705x705.jpg 705w, https:\/\/ulrich-heister.de\/bewusstseinsblog\/wp-content\/uploads\/2019\/05\/Reset-80x80.jpg 80w, https:\/\/ulrich-heister.de\/bewusstseinsblog\/wp-content\/uploads\/2019\/05\/Reset-300x300.jpg 300w, https:\/\/ulrich-heister.de\/bewusstseinsblog\/wp-content\/uploads\/2019\/05\/Reset-768x768.jpg 768w, https:\/\/ulrich-heister.de\/bewusstseinsblog\/wp-content\/uploads\/2019\/05\/Reset-1030x1030.jpg 1030w, https:\/\/ulrich-heister.de\/bewusstseinsblog\/wp-content\/uploads\/2019\/05\/Reset-36x36.jpg 36w, https:\/\/ulrich-heister.de\/bewusstseinsblog\/wp-content\/uploads\/2019\/05\/Reset-180x180.jpg 180w, https:\/\/ulrich-heister.de\/bewusstseinsblog\/wp-content\/uploads\/2019\/05\/Reset-1500x1500.jpg 1500w, https:\/\/ulrich-heister.de\/bewusstseinsblog\/wp-content\/uploads\/2019\/05\/Reset-120x120.jpg 120w, https:\/\/ulrich-heister.de\/bewusstseinsblog\/wp-content\/uploads\/2019\/05\/Reset-450x450.jpg 450w, https:\/\/ulrich-heister.de\/bewusstseinsblog\/wp-content\/uploads\/2019\/05\/Reset.jpg 2000w\" sizes=\"(max-width: 705px) 100vw, 705px\" \/><\/div><\/div><figcaption class='av-inner-masonry-content site-background'><div class='av-inner-masonry-content-pos'><div class='av-inner-masonry-content-pos-content'><div class='avia-arrow'><\/div><h3 class='av-masonry-entry-title entry-title '  itemprop=\"headline\" >Gegenw\u00e4rtigkeit ist dein Reset-Knopf<\/h3><div class='av-masonry-entry-content entry-content'  itemprop=\"text\" >Du kennst das: Die Gedanken kreisen und du kommst innerlich nicht\u2026<\/div><span class='av-masonry-date meta-color updated'>3. Juni 2019<\/span><span class=\"av-masonry-text-sep text-sep-author\">\/<\/span><span class='av-masonry-author meta-color author'><span class='fn'>von Ulrich Heister<\/span><\/span><\/div><\/div><\/figcaption><\/figure><\/a><!--end av-masonry entry--><a href=\"https:\/\/ulrich-heister.de\/bewusstseinsblog\/viel-mehr-lebensqualitaet-mit-intervallfasten\/\"  id='av-masonry-1-item-2334' data-av-masonry-item='2334' class='av-masonry-entry isotope-item post-2334 post type-post status-publish format-image has-post-thumbnail hentry category-thema tag-abnehmen tag-depression tag-genuss tag-intermettierendes-fasten tag-intervallfasten tag-krebs tag-lebensqualitat tag-sucht post_format-post-format-image  av-masonry-item-with-image' title=\"blog Intervallfasten\"   itemscope=\"itemscope\" itemtype=\"https:\/\/schema.org\/CreativeWork\" ><div class='av-inner-masonry-sizer'><\/div><figure class='av-inner-masonry main_color'><div class=\"av-masonry-outerimage-container\"><div class='av-masonry-image-container'  ><img decoding=\"async\" width=\"705\" height=\"353\" fetchpriority=\"high\" class=\"wp-image-2339 avia-img-lazy-loading-not-2339\"  src=\"https:\/\/ulrich-heister.de\/bewusstseinsblog\/wp-content\/uploads\/2019\/05\/blog-Intervallfasten-1-705x353.jpg\" title=\"blog Intervallfasten\" alt=\"\" srcset=\"https:\/\/ulrich-heister.de\/bewusstseinsblog\/wp-content\/uploads\/2019\/05\/blog-Intervallfasten-1-705x353.jpg 705w, https:\/\/ulrich-heister.de\/bewusstseinsblog\/wp-content\/uploads\/2019\/05\/blog-Intervallfasten-1-300x150.jpg 300w, https:\/\/ulrich-heister.de\/bewusstseinsblog\/wp-content\/uploads\/2019\/05\/blog-Intervallfasten-1-768x384.jpg 768w, https:\/\/ulrich-heister.de\/bewusstseinsblog\/wp-content\/uploads\/2019\/05\/blog-Intervallfasten-1-450x225.jpg 450w, https:\/\/ulrich-heister.de\/bewusstseinsblog\/wp-content\/uploads\/2019\/05\/blog-Intervallfasten-1.jpg 800w\" sizes=\"(max-width: 705px) 100vw, 705px\" \/><\/div><\/div><figcaption class='av-inner-masonry-content site-background'><div class='av-inner-masonry-content-pos'><div class='av-inner-masonry-content-pos-content'><div class='avia-arrow'><\/div><h3 class='av-masonry-entry-title entry-title '  itemprop=\"headline\" >Viel mehr Lebensqualit\u00e4t mit Intervallfasten<\/h3><div class='av-masonry-entry-content entry-content'  itemprop=\"text\" >Intervallfasten: Bringt das eigentlich wirklich so viel, wie\u2026<\/div><span class='av-masonry-date meta-color updated'>17. Mai 2019<\/span><span class=\"av-masonry-text-sep text-sep-author\">\/<\/span><span class='av-masonry-author meta-color author'><span class='fn'>von Ulrich Heister<\/span><\/span><\/div><\/div><\/figcaption><\/figure><\/a><!--end av-masonry entry--><a href=\"https:\/\/ulrich-heister.de\/bewusstseinsblog\/spuerst-du-ihn-auch-den-optimierungsdruck-so-befreist-du-dich-davon\/\"  id='av-masonry-1-item-2324' data-av-masonry-item='2324' class='av-masonry-entry isotope-item post-2324 post type-post status-publish format-image has-post-thumbnail hentry category-thema tag-aengste tag-burnout tag-depression tag-fuelle tag-kindheit tag-leistungsdruck tag-mangel tag-selbstoptimierung tag-selbstverleugnung tag-zwange post_format-post-format-image  av-masonry-item-with-image' title=\"blog optimierung\"   itemscope=\"itemscope\" itemtype=\"https:\/\/schema.org\/CreativeWork\" ><div class='av-inner-masonry-sizer'><\/div><figure class='av-inner-masonry main_color'><div class=\"av-masonry-outerimage-container\"><div class='av-masonry-image-container'  ><img decoding=\"async\" width=\"705\" height=\"353\" fetchpriority=\"high\" class=\"wp-image-2328 avia-img-lazy-loading-not-2328\"  src=\"https:\/\/ulrich-heister.de\/bewusstseinsblog\/wp-content\/uploads\/2019\/04\/blog-optimierung-1-705x353.jpg\" title=\"blog optimierung\" alt=\"\" srcset=\"https:\/\/ulrich-heister.de\/bewusstseinsblog\/wp-content\/uploads\/2019\/04\/blog-optimierung-1-705x353.jpg 705w, https:\/\/ulrich-heister.de\/bewusstseinsblog\/wp-content\/uploads\/2019\/04\/blog-optimierung-1-300x150.jpg 300w, https:\/\/ulrich-heister.de\/bewusstseinsblog\/wp-content\/uploads\/2019\/04\/blog-optimierung-1-768x384.jpg 768w, https:\/\/ulrich-heister.de\/bewusstseinsblog\/wp-content\/uploads\/2019\/04\/blog-optimierung-1-450x225.jpg 450w, https:\/\/ulrich-heister.de\/bewusstseinsblog\/wp-content\/uploads\/2019\/04\/blog-optimierung-1.jpg 800w\" sizes=\"(max-width: 705px) 100vw, 705px\" \/><\/div><\/div><figcaption class='av-inner-masonry-content site-background'><div class='av-inner-masonry-content-pos'><div class='av-inner-masonry-content-pos-content'><div class='avia-arrow'><\/div><h3 class='av-masonry-entry-title entry-title '  itemprop=\"headline\" >Sp\u00fcrst du ihn auch, den Optimierungsdruck? \u2013 So befreist du dich davon!<\/h3><div class='av-masonry-entry-content entry-content'  itemprop=\"text\" >\u201eWerde die beste Version deiner selbst\u201c: eine Aufforderung,\u2026<\/div><span class='av-masonry-date meta-color updated'>24. April 2019<\/span><span class=\"av-masonry-text-sep text-sep-author\">\/<\/span><span class='av-masonry-author meta-color author'><span class='fn'>von Ulrich Heister<\/span><\/span><\/div><\/div><\/figcaption><\/figure><\/a><!--end av-masonry entry--><a href=\"https:\/\/ulrich-heister.de\/bewusstseinsblog\/erkenne-deine-wahre-natur\/\"  id='av-masonry-1-item-2305' data-av-masonry-item='2305' class='av-masonry-entry isotope-item post-2305 post type-post status-publish format-image has-post-thumbnail hentry category-thema tag-existenz tag-nullpunkt tag-selbsterkenntnis tag-wesen tag-zentrum post_format-post-format-image  av-masonry-item-with-image' title=\"Tableau Nullpunkt\"   itemscope=\"itemscope\" itemtype=\"https:\/\/schema.org\/CreativeWork\" ><div class='av-inner-masonry-sizer'><\/div><figure class='av-inner-masonry main_color'><div class=\"av-masonry-outerimage-container\"><div class='av-masonry-image-container'  ><img decoding=\"async\" width=\"705\" height=\"705\" fetchpriority=\"high\" class=\"wp-image-2306 avia-img-lazy-loading-not-2306\"  src=\"https:\/\/ulrich-heister.de\/bewusstseinsblog\/wp-content\/uploads\/2019\/01\/Tableau-Nullpunkt-705x705.jpg\" title=\"Tableau Nullpunkt\" alt=\"\" srcset=\"https:\/\/ulrich-heister.de\/bewusstseinsblog\/wp-content\/uploads\/2019\/01\/Tableau-Nullpunkt-705x705.jpg 705w, https:\/\/ulrich-heister.de\/bewusstseinsblog\/wp-content\/uploads\/2019\/01\/Tableau-Nullpunkt-80x80.jpg 80w, https:\/\/ulrich-heister.de\/bewusstseinsblog\/wp-content\/uploads\/2019\/01\/Tableau-Nullpunkt-300x300.jpg 300w, https:\/\/ulrich-heister.de\/bewusstseinsblog\/wp-content\/uploads\/2019\/01\/Tableau-Nullpunkt-768x768.jpg 768w, https:\/\/ulrich-heister.de\/bewusstseinsblog\/wp-content\/uploads\/2019\/01\/Tableau-Nullpunkt-1030x1030.jpg 1030w, https:\/\/ulrich-heister.de\/bewusstseinsblog\/wp-content\/uploads\/2019\/01\/Tableau-Nullpunkt-36x36.jpg 36w, https:\/\/ulrich-heister.de\/bewusstseinsblog\/wp-content\/uploads\/2019\/01\/Tableau-Nullpunkt-180x180.jpg 180w, https:\/\/ulrich-heister.de\/bewusstseinsblog\/wp-content\/uploads\/2019\/01\/Tableau-Nullpunkt-1500x1500.jpg 1500w, https:\/\/ulrich-heister.de\/bewusstseinsblog\/wp-content\/uploads\/2019\/01\/Tableau-Nullpunkt-120x120.jpg 120w, https:\/\/ulrich-heister.de\/bewusstseinsblog\/wp-content\/uploads\/2019\/01\/Tableau-Nullpunkt-450x450.jpg 450w, https:\/\/ulrich-heister.de\/bewusstseinsblog\/wp-content\/uploads\/2019\/01\/Tableau-Nullpunkt.jpg 2000w\" sizes=\"(max-width: 705px) 100vw, 705px\" \/><\/div><\/div><figcaption class='av-inner-masonry-content site-background'><div class='av-inner-masonry-content-pos'><div class='av-inner-masonry-content-pos-content'><div class='avia-arrow'><\/div><h3 class='av-masonry-entry-title entry-title '  itemprop=\"headline\" >Erkenne Deine wahre Natur<\/h3><div class='av-masonry-entry-content entry-content'  itemprop=\"text\" >Bist Du daran interessiert zu erfahren, was Deine wahre Natur\u2026<\/div><span class='av-masonry-date meta-color updated'>24. Januar 2019<\/span><span class=\"av-masonry-text-sep text-sep-author\">\/<\/span><span class='av-masonry-author meta-color author'><span class='fn'>von Ulrich Heister<\/span><\/span><\/div><\/div><\/figcaption><\/figure><\/a><!--end av-masonry entry--><a href=\"https:\/\/ulrich-heister.de\/bewusstseinsblog\/so-klappt-eine-liebevolle-und-stabile-beziehung-11-grundlegende-tipps\/\"  id='av-masonry-1-item-2297' data-av-masonry-item='2297' class='av-masonry-entry isotope-item post-2297 post type-post status-publish format-image has-post-thumbnail hentry category-thema tag-ausrichtrung tag-beziehung tag-bindung tag-geheimnis tag-paar tag-partnerschaft tag-verbindung tag-vertrauen post_format-post-format-image  av-masonry-item-with-image' title=\"blog Beziehung\"   itemscope=\"itemscope\" itemtype=\"https:\/\/schema.org\/CreativeWork\" ><div class='av-inner-masonry-sizer'><\/div><figure class='av-inner-masonry main_color'><div class=\"av-masonry-outerimage-container\"><div class='av-masonry-image-container'  ><img decoding=\"async\" width=\"705\" height=\"353\" fetchpriority=\"high\" class=\"wp-image-2298 avia-img-lazy-loading-not-2298\"  src=\"https:\/\/ulrich-heister.de\/bewusstseinsblog\/wp-content\/uploads\/2019\/01\/blog-Beziehung-705x353.jpg\" title=\"blog Beziehung\" alt=\"So klappt eine liebevolle und stabile Beziehung\" srcset=\"https:\/\/ulrich-heister.de\/bewusstseinsblog\/wp-content\/uploads\/2019\/01\/blog-Beziehung-705x353.jpg 705w, https:\/\/ulrich-heister.de\/bewusstseinsblog\/wp-content\/uploads\/2019\/01\/blog-Beziehung-300x150.jpg 300w, https:\/\/ulrich-heister.de\/bewusstseinsblog\/wp-content\/uploads\/2019\/01\/blog-Beziehung-768x384.jpg 768w, https:\/\/ulrich-heister.de\/bewusstseinsblog\/wp-content\/uploads\/2019\/01\/blog-Beziehung-450x225.jpg 450w, https:\/\/ulrich-heister.de\/bewusstseinsblog\/wp-content\/uploads\/2019\/01\/blog-Beziehung.jpg 800w\" sizes=\"(max-width: 705px) 100vw, 705px\" \/><\/div><\/div><figcaption class='av-inner-masonry-content site-background'><div class='av-inner-masonry-content-pos'><div class='av-inner-masonry-content-pos-content'><div class='avia-arrow'><\/div><h3 class='av-masonry-entry-title entry-title '  itemprop=\"headline\" >So klappt eine liebevolle und stabile Beziehung &#8211; 11 grundlegende Tipps<\/h3><div class='av-masonry-entry-content entry-content'  itemprop=\"text\" >W\u00fcnschst Du Dir eine Beziehung, die viele Jahre oder sogar bis\u2026<\/div><span class='av-masonry-date meta-color updated'>22. Januar 2019<\/span><span class=\"av-masonry-text-sep text-sep-author\">\/<\/span><span class='av-masonry-author meta-color author'><span class='fn'>von Ulrich Heister<\/span><\/span><\/div><\/div><\/figcaption><\/figure><\/a><!--end av-masonry entry--><a href=\"https:\/\/ulrich-heister.de\/bewusstseinsblog\/du-bist-vollkommen-meditation\/\"  id='av-masonry-1-item-2290' data-av-masonry-item='2290' class='av-masonry-entry isotope-item post-2290 post type-post status-publish format-image has-post-thumbnail hentry category-thema tag-ego tag-ganzheit tag-mangel tag-meditation tag-uebung tag-vollkommenheit post_format-post-format-image  av-masonry-item-with-image' title=\"Tableau Vollkommen\"   itemscope=\"itemscope\" itemtype=\"https:\/\/schema.org\/CreativeWork\" ><div class='av-inner-masonry-sizer'><\/div><figure class='av-inner-masonry main_color'><div class=\"av-masonry-outerimage-container\"><div class='av-masonry-image-container'  ><img decoding=\"async\" width=\"705\" height=\"705\" fetchpriority=\"high\" class=\"wp-image-2291 avia-img-lazy-loading-not-2291\"  src=\"https:\/\/ulrich-heister.de\/bewusstseinsblog\/wp-content\/uploads\/2018\/12\/Tableau-Vollkommen-705x705.jpg\" title=\"Tableau Vollkommen\" alt=\"\" srcset=\"https:\/\/ulrich-heister.de\/bewusstseinsblog\/wp-content\/uploads\/2018\/12\/Tableau-Vollkommen-705x705.jpg 705w, https:\/\/ulrich-heister.de\/bewusstseinsblog\/wp-content\/uploads\/2018\/12\/Tableau-Vollkommen-80x80.jpg 80w, https:\/\/ulrich-heister.de\/bewusstseinsblog\/wp-content\/uploads\/2018\/12\/Tableau-Vollkommen-300x300.jpg 300w, https:\/\/ulrich-heister.de\/bewusstseinsblog\/wp-content\/uploads\/2018\/12\/Tableau-Vollkommen-768x768.jpg 768w, https:\/\/ulrich-heister.de\/bewusstseinsblog\/wp-content\/uploads\/2018\/12\/Tableau-Vollkommen-1030x1030.jpg 1030w, https:\/\/ulrich-heister.de\/bewusstseinsblog\/wp-content\/uploads\/2018\/12\/Tableau-Vollkommen-36x36.jpg 36w, https:\/\/ulrich-heister.de\/bewusstseinsblog\/wp-content\/uploads\/2018\/12\/Tableau-Vollkommen-180x180.jpg 180w, https:\/\/ulrich-heister.de\/bewusstseinsblog\/wp-content\/uploads\/2018\/12\/Tableau-Vollkommen-1500x1500.jpg 1500w, https:\/\/ulrich-heister.de\/bewusstseinsblog\/wp-content\/uploads\/2018\/12\/Tableau-Vollkommen-120x120.jpg 120w, https:\/\/ulrich-heister.de\/bewusstseinsblog\/wp-content\/uploads\/2018\/12\/Tableau-Vollkommen-450x450.jpg 450w, https:\/\/ulrich-heister.de\/bewusstseinsblog\/wp-content\/uploads\/2018\/12\/Tableau-Vollkommen.jpg 2000w\" sizes=\"(max-width: 705px) 100vw, 705px\" \/><\/div><\/div><figcaption class='av-inner-masonry-content site-background'><div class='av-inner-masonry-content-pos'><div class='av-inner-masonry-content-pos-content'><div class='avia-arrow'><\/div><h3 class='av-masonry-entry-title entry-title '  itemprop=\"headline\" >Du bist vollkommen &#8211; Meditation<\/h3><div class='av-masonry-entry-content entry-content'  itemprop=\"text\" >Du bist vollkommen und alles um Dich herum auch. Warum empfinden\u2026<\/div><span class='av-masonry-date meta-color updated'>18. Dezember 2018<\/span><span class=\"av-masonry-text-sep text-sep-author\">\/<\/span><span class='av-masonry-author meta-color author'><span class='fn'>von Ulrich Heister<\/span><\/span><\/div><\/div><\/figcaption><\/figure><\/a><!--end av-masonry entry--><a href=\"https:\/\/ulrich-heister.de\/bewusstseinsblog\/was-ist-der-tod-wie-du-einen-verlust-leichter-ueberwindest\/\"  id='av-masonry-1-item-2286' data-av-masonry-item='2286' class='av-masonry-entry isotope-item post-2286 post type-post status-publish format-image has-post-thumbnail hentry category-thema tag-angst tag-ganzheit tag-geburt tag-ich tag-person tag-selbsterkenntnis tag-tod tag-trennung tag-verlust post_format-post-format-image  av-masonry-item-with-image' title=\"blog Tod\"   itemscope=\"itemscope\" itemtype=\"https:\/\/schema.org\/CreativeWork\" ><div class='av-inner-masonry-sizer'><\/div><figure class='av-inner-masonry main_color'><div class=\"av-masonry-outerimage-container\"><div class='av-masonry-image-container'  ><img decoding=\"async\" width=\"705\" height=\"353\" fetchpriority=\"high\" class=\"wp-image-2287 avia-img-lazy-loading-not-2287\"  src=\"https:\/\/ulrich-heister.de\/bewusstseinsblog\/wp-content\/uploads\/2018\/12\/blog-Tod-705x353.jpg\" title=\"blog Tod\" alt=\"Was ist der Tod?\" srcset=\"https:\/\/ulrich-heister.de\/bewusstseinsblog\/wp-content\/uploads\/2018\/12\/blog-Tod-705x353.jpg 705w, https:\/\/ulrich-heister.de\/bewusstseinsblog\/wp-content\/uploads\/2018\/12\/blog-Tod-300x150.jpg 300w, https:\/\/ulrich-heister.de\/bewusstseinsblog\/wp-content\/uploads\/2018\/12\/blog-Tod-768x384.jpg 768w, https:\/\/ulrich-heister.de\/bewusstseinsblog\/wp-content\/uploads\/2018\/12\/blog-Tod-450x225.jpg 450w, https:\/\/ulrich-heister.de\/bewusstseinsblog\/wp-content\/uploads\/2018\/12\/blog-Tod.jpg 800w\" sizes=\"(max-width: 705px) 100vw, 705px\" \/><\/div><\/div><figcaption class='av-inner-masonry-content site-background'><div class='av-inner-masonry-content-pos'><div class='av-inner-masonry-content-pos-content'><div class='avia-arrow'><\/div><h3 class='av-masonry-entry-title entry-title '  itemprop=\"headline\" >Was ist der Tod? &#8211; Wie Du einen Verlust leichter \u00fcberwindest<\/h3><div class='av-masonry-entry-content entry-content'  itemprop=\"text\" >Was denkst Du \u00fcber den Tod? Ist der Gedanke an den Tod unangenehm\u2026<\/div><span class='av-masonry-date meta-color updated'>12. Dezember 2018<\/span><span class=\"av-masonry-text-sep text-sep-author\">\/<\/span><span class='av-masonry-author meta-color author'><span class='fn'>von Ulrich Heister<\/span><\/span><\/div><\/div><\/figcaption><\/figure><\/a><!--end av-masonry entry--><a href=\"https:\/\/ulrich-heister.de\/bewusstseinsblog\/eine-depression-ist-ueberwindbar-16-tipps-zur-selbsthilfe\/\"  id='av-masonry-1-item-2275' data-av-masonry-item='2275' class='av-masonry-entry isotope-item post-2275 post type-post status-publish format-image has-post-thumbnail hentry category-thema tag-antriebslosigkeit tag-aufmerksamkeit tag-authentizitaet tag-dankbarkeit tag-depression tag-gedanken tag-gedankenkreisen tag-gefuhle tag-niedergeschlagenheit tag-sinne tag-therapie post_format-post-format-image  av-masonry-item-with-image' title=\"blog Nebel\"   itemscope=\"itemscope\" itemtype=\"https:\/\/schema.org\/CreativeWork\" ><div class='av-inner-masonry-sizer'><\/div><figure class='av-inner-masonry main_color'><div class=\"av-masonry-outerimage-container\"><div class='av-masonry-image-container'  ><img decoding=\"async\" width=\"705\" height=\"353\" fetchpriority=\"high\" class=\"wp-image-2276 avia-img-lazy-loading-not-2276\"  src=\"https:\/\/ulrich-heister.de\/bewusstseinsblog\/wp-content\/uploads\/2018\/11\/blog-Nebel-705x353.jpg\" title=\"blog Nebel\" alt=\"Depression \u00fcberwinden\" srcset=\"https:\/\/ulrich-heister.de\/bewusstseinsblog\/wp-content\/uploads\/2018\/11\/blog-Nebel-705x353.jpg 705w, https:\/\/ulrich-heister.de\/bewusstseinsblog\/wp-content\/uploads\/2018\/11\/blog-Nebel-300x150.jpg 300w, https:\/\/ulrich-heister.de\/bewusstseinsblog\/wp-content\/uploads\/2018\/11\/blog-Nebel-768x384.jpg 768w, https:\/\/ulrich-heister.de\/bewusstseinsblog\/wp-content\/uploads\/2018\/11\/blog-Nebel-450x225.jpg 450w, https:\/\/ulrich-heister.de\/bewusstseinsblog\/wp-content\/uploads\/2018\/11\/blog-Nebel.jpg 800w\" sizes=\"(max-width: 705px) 100vw, 705px\" \/><\/div><\/div><figcaption class='av-inner-masonry-content site-background'><div class='av-inner-masonry-content-pos'><div class='av-inner-masonry-content-pos-content'><div class='avia-arrow'><\/div><h3 class='av-masonry-entry-title entry-title '  itemprop=\"headline\" >Eine Depression ist \u00fcberwindbar &#8211; 16 Tipps zur Selbsthilfe<\/h3><div class='av-masonry-entry-content entry-content'  itemprop=\"text\" >Viele Menschen sind von Depression betroffen. Die wichtigsten\u2026<\/div><span class='av-masonry-date meta-color updated'>14. November 2018<\/span><span class=\"av-masonry-text-sep text-sep-author\">\/<\/span><span class='av-masonry-author meta-color author'><span class='fn'>von Ulrich Heister<\/span><\/span><\/div><\/div><\/figcaption><\/figure><\/a><!--end av-masonry entry--><a href=\"https:\/\/ulrich-heister.de\/bewusstseinsblog\/warum-mitgefuehl-gut-fuer-dich-ist-eine-uebung\/\"  id='av-masonry-1-item-2270' data-av-masonry-item='2270' class='av-masonry-entry isotope-item post-2270 post type-post status-publish format-image has-post-thumbnail hentry category-thema tag-distanz tag-frieden tag-mitgefuehl tag-uererfahrung tag-verbindung post_format-post-format-image  av-masonry-item-with-image' title=\"Hase\"   itemscope=\"itemscope\" itemtype=\"https:\/\/schema.org\/CreativeWork\" ><div class='av-inner-masonry-sizer'><\/div><figure class='av-inner-masonry main_color'><div class=\"av-masonry-outerimage-container\"><div class='av-masonry-image-container'  ><img decoding=\"async\" width=\"705\" height=\"705\" fetchpriority=\"high\" class=\"wp-image-2271 avia-img-lazy-loading-not-2271\"  src=\"https:\/\/ulrich-heister.de\/bewusstseinsblog\/wp-content\/uploads\/2018\/11\/Hase-705x705.jpg\" title=\"Hase\" alt=\"\" srcset=\"https:\/\/ulrich-heister.de\/bewusstseinsblog\/wp-content\/uploads\/2018\/11\/Hase-705x705.jpg 705w, https:\/\/ulrich-heister.de\/bewusstseinsblog\/wp-content\/uploads\/2018\/11\/Hase-80x80.jpg 80w, https:\/\/ulrich-heister.de\/bewusstseinsblog\/wp-content\/uploads\/2018\/11\/Hase-300x300.jpg 300w, https:\/\/ulrich-heister.de\/bewusstseinsblog\/wp-content\/uploads\/2018\/11\/Hase-768x768.jpg 768w, https:\/\/ulrich-heister.de\/bewusstseinsblog\/wp-content\/uploads\/2018\/11\/Hase-1030x1030.jpg 1030w, https:\/\/ulrich-heister.de\/bewusstseinsblog\/wp-content\/uploads\/2018\/11\/Hase-36x36.jpg 36w, https:\/\/ulrich-heister.de\/bewusstseinsblog\/wp-content\/uploads\/2018\/11\/Hase-180x180.jpg 180w, https:\/\/ulrich-heister.de\/bewusstseinsblog\/wp-content\/uploads\/2018\/11\/Hase-1500x1500.jpg 1500w, https:\/\/ulrich-heister.de\/bewusstseinsblog\/wp-content\/uploads\/2018\/11\/Hase-120x120.jpg 120w, https:\/\/ulrich-heister.de\/bewusstseinsblog\/wp-content\/uploads\/2018\/11\/Hase-450x450.jpg 450w, https:\/\/ulrich-heister.de\/bewusstseinsblog\/wp-content\/uploads\/2018\/11\/Hase.jpg 2000w\" sizes=\"(max-width: 705px) 100vw, 705px\" \/><\/div><\/div><figcaption class='av-inner-masonry-content site-background'><div class='av-inner-masonry-content-pos'><div class='av-inner-masonry-content-pos-content'><div class='avia-arrow'><\/div><h3 class='av-masonry-entry-title entry-title '  itemprop=\"headline\" >Warum Mitgef\u00fchl gut f\u00fcr Dich ist &#8211; eine \u00dcbung<\/h3><div class='av-masonry-entry-content entry-content'  itemprop=\"text\" >Warum Mitgef\u00fchl gut f\u00fcr Dich ist - eine \u00dcbung<br \/>\r\nF\u00fchlst Du\u2026<\/div><span class='av-masonry-date meta-color updated'>8. November 2018<\/span><span class=\"av-masonry-text-sep text-sep-author\">\/<\/span><span class='av-masonry-author meta-color author'><span class='fn'>von Ulrich Heister<\/span><\/span><\/div><\/div><\/figcaption><\/figure><\/a><!--end av-masonry entry--><a href=\"https:\/\/ulrich-heister.de\/bewusstseinsblog\/achtung-bewusstseinsarbeit-gefaehrdet-deine-probleme\/\"  id='av-masonry-1-item-2210' data-av-masonry-item='2210' class='av-masonry-entry isotope-item post-2210 post type-post status-publish format-image has-post-thumbnail hentry category-thema tag-abstraktion tag-ausweg tag-bewusstsein tag-gehirn tag-grosshirnrinde tag-heilung tag-illusion tag-leiden tag-probleme tag-vorstellung post_format-post-format-image  av-masonry-item-with-image' title=\"blog zigarettenschachtel\"   itemscope=\"itemscope\" itemtype=\"https:\/\/schema.org\/CreativeWork\" ><div class='av-inner-masonry-sizer'><\/div><figure class='av-inner-masonry main_color'><div class=\"av-masonry-outerimage-container\"><div class='av-masonry-image-container'  ><img decoding=\"async\" width=\"705\" height=\"353\" fetchpriority=\"high\" class=\"wp-image-2211 avia-img-lazy-loading-not-2211\"  src=\"https:\/\/ulrich-heister.de\/bewusstseinsblog\/wp-content\/uploads\/2018\/10\/blog-zigarettenschachtel-705x353.jpg\" title=\"blog zigarettenschachtel\" alt=\"Praxis f\u00fcr Psychotherapie und Hypnosetherapie | ulrich-heister.de\" srcset=\"https:\/\/ulrich-heister.de\/bewusstseinsblog\/wp-content\/uploads\/2018\/10\/blog-zigarettenschachtel-705x353.jpg 705w, https:\/\/ulrich-heister.de\/bewusstseinsblog\/wp-content\/uploads\/2018\/10\/blog-zigarettenschachtel-300x150.jpg 300w, https:\/\/ulrich-heister.de\/bewusstseinsblog\/wp-content\/uploads\/2018\/10\/blog-zigarettenschachtel-768x384.jpg 768w, https:\/\/ulrich-heister.de\/bewusstseinsblog\/wp-content\/uploads\/2018\/10\/blog-zigarettenschachtel-450x225.jpg 450w, https:\/\/ulrich-heister.de\/bewusstseinsblog\/wp-content\/uploads\/2018\/10\/blog-zigarettenschachtel.jpg 800w\" sizes=\"(max-width: 705px) 100vw, 705px\" \/><\/div><\/div><figcaption class='av-inner-masonry-content site-background'><div class='av-inner-masonry-content-pos'><div class='av-inner-masonry-content-pos-content'><div class='avia-arrow'><\/div><h3 class='av-masonry-entry-title entry-title '  itemprop=\"headline\" >Achtung: Bewusstseinsarbeit gef\u00e4hrdet deine Probleme!<\/h3><div class='av-masonry-entry-content entry-content'  itemprop=\"text\" >Wo findet Dein gesamtes Leben ohne Ausnahme statt? In Deinem\u2026<\/div><span class='av-masonry-date meta-color updated'>15. Oktober 2018<\/span><span class=\"av-masonry-text-sep text-sep-author\">\/<\/span><span class='av-masonry-author meta-color author'><span class='fn'>von Ulrich Heister<\/span><\/span><\/div><\/div><\/figcaption><\/figure><\/a><!--end av-masonry entry--><a href=\"https:\/\/ulrich-heister.de\/bewusstseinsblog\/wie-du-wieder-vertrauen-kannst\/\"  id='av-masonry-1-item-2204' data-av-masonry-item='2204' class='av-masonry-entry isotope-item post-2204 post type-post status-publish format-image has-post-thumbnail hentry category-thema tag-eltern tag-geburt tag-misstrauen tag-selbstvertrauen tag-urvertrauen tag-verletzung tag-vertrauen post_format-post-format-image  av-masonry-item-with-image' title=\"blog Vertrauen\"   itemscope=\"itemscope\" itemtype=\"https:\/\/schema.org\/CreativeWork\" ><div class='av-inner-masonry-sizer'><\/div><figure class='av-inner-masonry main_color'><div class=\"av-masonry-outerimage-container\"><div class='av-masonry-image-container'  ><img decoding=\"async\" width=\"705\" height=\"353\" fetchpriority=\"high\" class=\"wp-image-2207 avia-img-lazy-loading-not-2207\"  src=\"https:\/\/ulrich-heister.de\/bewusstseinsblog\/wp-content\/uploads\/2018\/10\/blog-Vertrauen-1-705x353.jpg\" title=\"blog Vertrauen\" alt=\"Praxis f\u00fcr Psychotherapie und Hypnosetherapie | ulrich-heister.de\" srcset=\"https:\/\/ulrich-heister.de\/bewusstseinsblog\/wp-content\/uploads\/2018\/10\/blog-Vertrauen-1-705x353.jpg 705w, https:\/\/ulrich-heister.de\/bewusstseinsblog\/wp-content\/uploads\/2018\/10\/blog-Vertrauen-1-300x150.jpg 300w, https:\/\/ulrich-heister.de\/bewusstseinsblog\/wp-content\/uploads\/2018\/10\/blog-Vertrauen-1-768x384.jpg 768w, https:\/\/ulrich-heister.de\/bewusstseinsblog\/wp-content\/uploads\/2018\/10\/blog-Vertrauen-1-450x225.jpg 450w, https:\/\/ulrich-heister.de\/bewusstseinsblog\/wp-content\/uploads\/2018\/10\/blog-Vertrauen-1.jpg 800w\" sizes=\"(max-width: 705px) 100vw, 705px\" \/><\/div><\/div><figcaption class='av-inner-masonry-content site-background'><div class='av-inner-masonry-content-pos'><div class='av-inner-masonry-content-pos-content'><div class='avia-arrow'><\/div><h3 class='av-masonry-entry-title entry-title '  itemprop=\"headline\" >Wie Du wieder vertrauen kannst<\/h3><div class='av-masonry-entry-content entry-content'  itemprop=\"text\" >Menschen bewegen sich in der Welt meinst mit einer grunds\u00e4tzliche\u2026<\/div><span class='av-masonry-date meta-color updated'>5. Oktober 2018<\/span><span class=\"av-masonry-text-sep text-sep-author\">\/<\/span><span class='av-masonry-author meta-color author'><span class='fn'>von Ulrich Heister<\/span><\/span><\/div><\/div><\/figcaption><\/figure><\/a><!--end av-masonry entry--><a href=\"https:\/\/ulrich-heister.de\/bewusstseinsblog\/die-flugangst-besiegen\/\"  id='av-masonry-1-item-2197' data-av-masonry-item='2197' class='av-masonry-entry isotope-item post-2197 post type-post status-publish format-image has-post-thumbnail hentry category-thema tag-angst tag-ausloser tag-fliegen tag-flugangst tag-gefuhl tag-kontrolle tag-verhaltensprogramm tag-verstand post_format-post-format-image  av-masonry-item-with-image' title=\"blog Flugangst\"   itemscope=\"itemscope\" itemtype=\"https:\/\/schema.org\/CreativeWork\" ><div class='av-inner-masonry-sizer'><\/div><figure class='av-inner-masonry main_color'><div class=\"av-masonry-outerimage-container\"><div class='av-masonry-image-container'  ><img decoding=\"async\" width=\"705\" height=\"353\" fetchpriority=\"high\" class=\"wp-image-2198 avia-img-lazy-loading-not-2198\"  src=\"https:\/\/ulrich-heister.de\/bewusstseinsblog\/wp-content\/uploads\/2018\/09\/blog-Flugangst-705x353.jpg\" title=\"blog Flugangst\" alt=\"Praxis f\u00fcr Psychotherapie und Hypnosetherapie | ulrich-heister.de\" srcset=\"https:\/\/ulrich-heister.de\/bewusstseinsblog\/wp-content\/uploads\/2018\/09\/blog-Flugangst-705x353.jpg 705w, https:\/\/ulrich-heister.de\/bewusstseinsblog\/wp-content\/uploads\/2018\/09\/blog-Flugangst-300x150.jpg 300w, https:\/\/ulrich-heister.de\/bewusstseinsblog\/wp-content\/uploads\/2018\/09\/blog-Flugangst-768x384.jpg 768w, https:\/\/ulrich-heister.de\/bewusstseinsblog\/wp-content\/uploads\/2018\/09\/blog-Flugangst-450x225.jpg 450w, https:\/\/ulrich-heister.de\/bewusstseinsblog\/wp-content\/uploads\/2018\/09\/blog-Flugangst.jpg 800w\" sizes=\"(max-width: 705px) 100vw, 705px\" \/><\/div><\/div><figcaption class='av-inner-masonry-content site-background'><div class='av-inner-masonry-content-pos'><div class='av-inner-masonry-content-pos-content'><div class='avia-arrow'><\/div><h3 class='av-masonry-entry-title entry-title '  itemprop=\"headline\" >Die Flugangst besiegen<\/h3><div class='av-masonry-entry-content entry-content'  itemprop=\"text\" >In der letzten Zeit habe ich in einer Praxis mit meinen Klientinnen\u2026<\/div><span class='av-masonry-date meta-color updated'>13. September 2018<\/span><span class=\"av-masonry-text-sep text-sep-author\">\/<\/span><span class='av-masonry-author meta-color author'><span class='fn'>von Ulrich Heister<\/span><\/span><\/div><\/div><\/figcaption><\/figure><\/a><!--end av-masonry entry--><a href=\"https:\/\/ulrich-heister.de\/bewusstseinsblog\/wer-bist-du\/\"  id='av-masonry-1-item-2188' data-av-masonry-item='2188' class='av-masonry-entry isotope-item post-2188 post type-post status-publish format-image has-post-thumbnail hentry category-thema tag-druck tag-ich tag-meditation tag-mensch tag-rang tag-status tag-vergleich tag-wer-bin-ich post_format-post-format-image  av-masonry-item-with-image' title=\"Wer bist Du\"   itemscope=\"itemscope\" itemtype=\"https:\/\/schema.org\/CreativeWork\" ><div class='av-inner-masonry-sizer'><\/div><figure class='av-inner-masonry main_color'><div class=\"av-masonry-outerimage-container\"><div class='av-masonry-image-container'  ><img decoding=\"async\" width=\"705\" height=\"705\" fetchpriority=\"high\" class=\"wp-image-2189 avia-img-lazy-loading-not-2189\"  src=\"https:\/\/ulrich-heister.de\/bewusstseinsblog\/wp-content\/uploads\/2018\/09\/Wer-bist-Du-705x705.jpg\" title=\"Wer bist Du\" alt=\"Praxis f\u00fcr Psychotherapie und Hypnosetherapie | ulrich-heister.de\" srcset=\"https:\/\/ulrich-heister.de\/bewusstseinsblog\/wp-content\/uploads\/2018\/09\/Wer-bist-Du-705x705.jpg 705w, https:\/\/ulrich-heister.de\/bewusstseinsblog\/wp-content\/uploads\/2018\/09\/Wer-bist-Du-80x80.jpg 80w, https:\/\/ulrich-heister.de\/bewusstseinsblog\/wp-content\/uploads\/2018\/09\/Wer-bist-Du-300x300.jpg 300w, https:\/\/ulrich-heister.de\/bewusstseinsblog\/wp-content\/uploads\/2018\/09\/Wer-bist-Du-768x768.jpg 768w, https:\/\/ulrich-heister.de\/bewusstseinsblog\/wp-content\/uploads\/2018\/09\/Wer-bist-Du-1030x1030.jpg 1030w, https:\/\/ulrich-heister.de\/bewusstseinsblog\/wp-content\/uploads\/2018\/09\/Wer-bist-Du-36x36.jpg 36w, https:\/\/ulrich-heister.de\/bewusstseinsblog\/wp-content\/uploads\/2018\/09\/Wer-bist-Du-180x180.jpg 180w, https:\/\/ulrich-heister.de\/bewusstseinsblog\/wp-content\/uploads\/2018\/09\/Wer-bist-Du-1500x1500.jpg 1500w, https:\/\/ulrich-heister.de\/bewusstseinsblog\/wp-content\/uploads\/2018\/09\/Wer-bist-Du-120x120.jpg 120w, https:\/\/ulrich-heister.de\/bewusstseinsblog\/wp-content\/uploads\/2018\/09\/Wer-bist-Du-450x450.jpg 450w, https:\/\/ulrich-heister.de\/bewusstseinsblog\/wp-content\/uploads\/2018\/09\/Wer-bist-Du.jpg 2000w\" sizes=\"(max-width: 705px) 100vw, 705px\" \/><\/div><\/div><figcaption class='av-inner-masonry-content site-background'><div class='av-inner-masonry-content-pos'><div class='av-inner-masonry-content-pos-content'><div class='avia-arrow'><\/div><h3 class='av-masonry-entry-title entry-title '  itemprop=\"headline\" >Wer bist du, wenn dich niemand wahrnimmt? &#8211; Eine Meditation, um zu dir selbst zu kommen.<\/h3><div class='av-masonry-entry-content entry-content'  itemprop=\"text\" >Wir definieren uns gr\u00f6\u00dftenteils \u00fcber andere. Wir vergleichen\u2026<\/div><span class='av-masonry-date meta-color updated'>11. September 2018<\/span><span class=\"av-masonry-text-sep text-sep-author\">\/<\/span><span class='av-masonry-author meta-color author'><span class='fn'>von Ulrich Heister<\/span><\/span><\/div><\/div><\/figcaption><\/figure><\/a><!--end av-masonry entry--><a href=\"https:\/\/ulrich-heister.de\/bewusstseinsblog\/endlich-mit-dem-rauchen-aufhoeren\/\"  id='av-masonry-1-item-2183' data-av-masonry-item='2183' class='av-masonry-entry isotope-item post-2183 post type-post status-publish format-image has-post-thumbnail hentry category-thema tag-angewohnheit tag-dopamin tag-gehrin tag-gewohnheit tag-rauchen tag-serotonin tag-sucht post_format-post-format-image  av-masonry-item-with-image' title=\"blog Rauchen\"   itemscope=\"itemscope\" itemtype=\"https:\/\/schema.org\/CreativeWork\" ><div class='av-inner-masonry-sizer'><\/div><figure class='av-inner-masonry main_color'><div class=\"av-masonry-outerimage-container\"><div class='av-masonry-image-container'  ><img decoding=\"async\" width=\"705\" height=\"353\" fetchpriority=\"high\" class=\"wp-image-2184 avia-img-lazy-loading-not-2184\"  src=\"https:\/\/ulrich-heister.de\/bewusstseinsblog\/wp-content\/uploads\/2018\/09\/blog-Rauchen-705x353.jpg\" title=\"blog Rauchen\" alt=\"Praxis f\u00fcr Psychotherapie und Hypnosetherapie | ulrich-heister.de\" srcset=\"https:\/\/ulrich-heister.de\/bewusstseinsblog\/wp-content\/uploads\/2018\/09\/blog-Rauchen-705x353.jpg 705w, https:\/\/ulrich-heister.de\/bewusstseinsblog\/wp-content\/uploads\/2018\/09\/blog-Rauchen-300x150.jpg 300w, https:\/\/ulrich-heister.de\/bewusstseinsblog\/wp-content\/uploads\/2018\/09\/blog-Rauchen-768x384.jpg 768w, https:\/\/ulrich-heister.de\/bewusstseinsblog\/wp-content\/uploads\/2018\/09\/blog-Rauchen-450x225.jpg 450w, https:\/\/ulrich-heister.de\/bewusstseinsblog\/wp-content\/uploads\/2018\/09\/blog-Rauchen.jpg 800w\" sizes=\"(max-width: 705px) 100vw, 705px\" \/><\/div><\/div><figcaption class='av-inner-masonry-content site-background'><div class='av-inner-masonry-content-pos'><div class='av-inner-masonry-content-pos-content'><div class='avia-arrow'><\/div><h3 class='av-masonry-entry-title entry-title '  itemprop=\"headline\" >Endlich mit dem Rauchen aufh\u00f6ren<\/h3><div class='av-masonry-entry-content entry-content'  itemprop=\"text\" >Du rauchst und hast es bisher nicht geschafft, aus eigener Kraft\u2026<\/div><span class='av-masonry-date meta-color updated'>3. September 2018<\/span><span class=\"av-masonry-text-sep text-sep-author\">\/<\/span><span class='av-masonry-author meta-color author'><span class='fn'>von Ulrich Heister<\/span><\/span><\/div><\/div><\/figcaption><\/figure><\/a><!--end av-masonry entry--><a href=\"https:\/\/ulrich-heister.de\/bewusstseinsblog\/woher-kommt-unsere-menschlichkeit-oder-warum-hater-hassen\/\"  id='av-masonry-1-item-2172' data-av-masonry-item='2172' class='av-masonry-entry isotope-item post-2172 post type-post status-publish format-image has-post-thumbnail hentry category-thema tag-beziehung tag-grunderfahrung tag-hass tag-integritaet tag-menschlichkeit tag-urvertrauen tag-verbundenheit tag-wachstum tag-wuerde post_format-post-format-image  av-masonry-item-with-image' title=\"blog Hater\"   itemscope=\"itemscope\" itemtype=\"https:\/\/schema.org\/CreativeWork\" ><div class='av-inner-masonry-sizer'><\/div><figure class='av-inner-masonry main_color'><div class=\"av-masonry-outerimage-container\"><div class='av-masonry-image-container'  ><img decoding=\"async\" width=\"705\" height=\"353\" fetchpriority=\"high\" class=\"wp-image-2173 avia-img-lazy-loading-not-2173\"  src=\"https:\/\/ulrich-heister.de\/bewusstseinsblog\/wp-content\/uploads\/2018\/08\/blog-Hater-705x353.jpg\" title=\"blog Hater\" alt=\"Praxis f\u00fcr Psychotherapie und Hypnosetherapie | ulrich-heister.de\" srcset=\"https:\/\/ulrich-heister.de\/bewusstseinsblog\/wp-content\/uploads\/2018\/08\/blog-Hater-705x353.jpg 705w, https:\/\/ulrich-heister.de\/bewusstseinsblog\/wp-content\/uploads\/2018\/08\/blog-Hater-300x150.jpg 300w, https:\/\/ulrich-heister.de\/bewusstseinsblog\/wp-content\/uploads\/2018\/08\/blog-Hater-768x384.jpg 768w, https:\/\/ulrich-heister.de\/bewusstseinsblog\/wp-content\/uploads\/2018\/08\/blog-Hater-450x225.jpg 450w, https:\/\/ulrich-heister.de\/bewusstseinsblog\/wp-content\/uploads\/2018\/08\/blog-Hater.jpg 800w\" sizes=\"(max-width: 705px) 100vw, 705px\" \/><\/div><\/div><figcaption class='av-inner-masonry-content site-background'><div class='av-inner-masonry-content-pos'><div class='av-inner-masonry-content-pos-content'><div class='avia-arrow'><\/div><h3 class='av-masonry-entry-title entry-title '  itemprop=\"headline\" >Woher kommt unsere Menschlichkeit? Oder: Warum Hater hassen.<\/h3><div class='av-masonry-entry-content entry-content'  itemprop=\"text\" >Woher wissen wir, was richtig und was falsch ist? Was ist die\u2026<\/div><span class='av-masonry-date meta-color updated'>7. August 2018<\/span><span class=\"av-masonry-text-sep text-sep-author\">\/<\/span><span class='av-masonry-author meta-color author'><span class='fn'>von Ulrich Heister<\/span><\/span><\/div><\/div><\/figcaption><\/figure><\/a><!--end av-masonry entry--><a href=\"https:\/\/ulrich-heister.de\/bewusstseinsblog\/warum-wir-alle-traumatisiert-sind-auch-du-ein-ratgeber-zur-selbsteinschaetzung\/\"  id='av-masonry-1-item-2160' data-av-masonry-item='2160' class='av-masonry-entry isotope-item post-2160 post type-post status-publish format-image has-post-thumbnail hentry category-thema tag-bindung tag-eltern tag-entwicklung tag-entwicklungstrauma tag-heilung tag-helikopter-eltern tag-problem tag-schocktrauma tag-trauma tag-unfall post_format-post-format-image  av-masonry-item-with-image' title=\"blog Trauma\"   itemscope=\"itemscope\" itemtype=\"https:\/\/schema.org\/CreativeWork\" ><div class='av-inner-masonry-sizer'><\/div><figure class='av-inner-masonry main_color'><div class=\"av-masonry-outerimage-container\"><div class='av-masonry-image-container'  ><img decoding=\"async\" width=\"705\" height=\"353\" fetchpriority=\"high\" class=\"wp-image-2162 avia-img-lazy-loading-not-2162\"  src=\"https:\/\/ulrich-heister.de\/bewusstseinsblog\/wp-content\/uploads\/2018\/07\/blog-Trauma-705x353.jpg\" title=\"blog Trauma\" alt=\"Praxis f\u00fcr Psychotherapie und Hypnosetherapie | ulrich-heister.de\" srcset=\"https:\/\/ulrich-heister.de\/bewusstseinsblog\/wp-content\/uploads\/2018\/07\/blog-Trauma-705x353.jpg 705w, https:\/\/ulrich-heister.de\/bewusstseinsblog\/wp-content\/uploads\/2018\/07\/blog-Trauma-300x150.jpg 300w, https:\/\/ulrich-heister.de\/bewusstseinsblog\/wp-content\/uploads\/2018\/07\/blog-Trauma-768x384.jpg 768w, https:\/\/ulrich-heister.de\/bewusstseinsblog\/wp-content\/uploads\/2018\/07\/blog-Trauma-450x225.jpg 450w, https:\/\/ulrich-heister.de\/bewusstseinsblog\/wp-content\/uploads\/2018\/07\/blog-Trauma.jpg 800w\" sizes=\"(max-width: 705px) 100vw, 705px\" \/><\/div><\/div><figcaption class='av-inner-masonry-content site-background'><div class='av-inner-masonry-content-pos'><div class='av-inner-masonry-content-pos-content'><div class='avia-arrow'><\/div><h3 class='av-masonry-entry-title entry-title '  itemprop=\"headline\" >Warum wir alle traumatisiert sind &#8211; auch Du. Ein Ratgeber zur Selbsteinsch\u00e4tzung.<\/h3><div class='av-masonry-entry-content entry-content'  itemprop=\"text\" >Jeder Mensch ist traumatisiert. Das mag \u00fcbertrieben klingen,\u2026<\/div><span class='av-masonry-date meta-color updated'>13. Juli 2018<\/span><span class=\"av-masonry-text-sep text-sep-author\">\/<\/span><span class='av-masonry-author meta-color author'><span class='fn'>von Ulrich Heister<\/span><\/span><\/div><\/div><\/figcaption><\/figure><\/a><!--end av-masonry entry--><a href=\"https:\/\/ulrich-heister.de\/bewusstseinsblog\/bei-mir-bleiben\/\"  id='av-masonry-1-item-2148' data-av-masonry-item='2148' class='av-masonry-entry isotope-item post-2148 post type-post status-publish format-image has-post-thumbnail hentry category-thema tag-abspaltung tag-dissoziation tag-ganzheit tag-ich tag-identitat tag-paradoxon tag-teilpersoenlichkeit tag-uebung post_format-post-format-image  av-masonry-item-with-image' title=\"Bleiben\"   itemscope=\"itemscope\" itemtype=\"https:\/\/schema.org\/CreativeWork\" ><div class='av-inner-masonry-sizer'><\/div><figure class='av-inner-masonry main_color'><div class=\"av-masonry-outerimage-container\"><div class='av-masonry-image-container'  ><img decoding=\"async\" width=\"705\" height=\"705\" fetchpriority=\"high\" class=\"wp-image-2149 avia-img-lazy-loading-not-2149\"  src=\"https:\/\/ulrich-heister.de\/bewusstseinsblog\/wp-content\/uploads\/2018\/06\/Bleiben-705x705.jpg\" title=\"Bleiben\" alt=\"Praxis f\u00fcr Psychotherapie und Hypnosetherapie | ulrich-heister.de\" srcset=\"https:\/\/ulrich-heister.de\/bewusstseinsblog\/wp-content\/uploads\/2018\/06\/Bleiben-705x705.jpg 705w, https:\/\/ulrich-heister.de\/bewusstseinsblog\/wp-content\/uploads\/2018\/06\/Bleiben-80x80.jpg 80w, https:\/\/ulrich-heister.de\/bewusstseinsblog\/wp-content\/uploads\/2018\/06\/Bleiben-300x300.jpg 300w, https:\/\/ulrich-heister.de\/bewusstseinsblog\/wp-content\/uploads\/2018\/06\/Bleiben-768x768.jpg 768w, https:\/\/ulrich-heister.de\/bewusstseinsblog\/wp-content\/uploads\/2018\/06\/Bleiben-1030x1030.jpg 1030w, https:\/\/ulrich-heister.de\/bewusstseinsblog\/wp-content\/uploads\/2018\/06\/Bleiben-36x36.jpg 36w, https:\/\/ulrich-heister.de\/bewusstseinsblog\/wp-content\/uploads\/2018\/06\/Bleiben-180x180.jpg 180w, https:\/\/ulrich-heister.de\/bewusstseinsblog\/wp-content\/uploads\/2018\/06\/Bleiben-1500x1500.jpg 1500w, https:\/\/ulrich-heister.de\/bewusstseinsblog\/wp-content\/uploads\/2018\/06\/Bleiben-120x120.jpg 120w, https:\/\/ulrich-heister.de\/bewusstseinsblog\/wp-content\/uploads\/2018\/06\/Bleiben-450x450.jpg 450w, https:\/\/ulrich-heister.de\/bewusstseinsblog\/wp-content\/uploads\/2018\/06\/Bleiben.jpg 2000w\" sizes=\"(max-width: 705px) 100vw, 705px\" \/><\/div><\/div><figcaption class='av-inner-masonry-content site-background'><div class='av-inner-masonry-content-pos'><div class='av-inner-masonry-content-pos-content'><div class='avia-arrow'><\/div><h3 class='av-masonry-entry-title entry-title '  itemprop=\"headline\" >Wie kann ich bei mir bleiben? &#8211; Eine \u00dcbung<\/h3><div class='av-masonry-entry-content entry-content'  itemprop=\"text\" >In den Sitzungen mit meinen Klienten, aber auch in Gespr\u00e4chen\u2026<\/div><span class='av-masonry-date meta-color updated'>3. Juli 2018<\/span><span class=\"av-masonry-text-sep text-sep-author\">\/<\/span><span class='av-masonry-author meta-color author'><span class='fn'>von Ulrich Heister<\/span><\/span><\/div><\/div><\/figcaption><\/figure><\/a><!--end av-masonry entry--><a href=\"https:\/\/ulrich-heister.de\/bewusstseinsblog\/schlaflos-muss-nicht-sein-ein-training-zum-einschlafen\/\"  id='av-masonry-1-item-2137' data-av-masonry-item='2137' class='av-masonry-entry isotope-item post-2137 post type-post status-publish format-image has-post-thumbnail hentry category-thema tag-einschlafen tag-enstspannen tag-entgiften tag-erinnerung tag-gedaechtnis tag-identitat tag-regeneration tag-rem-schlaf tag-ruhe tag-schlaflosigkeit post_format-post-format-image  av-masonry-item-with-image' title=\"blog nur Mond\"   itemscope=\"itemscope\" itemtype=\"https:\/\/schema.org\/CreativeWork\" ><div class='av-inner-masonry-sizer'><\/div><figure class='av-inner-masonry main_color'><div class=\"av-masonry-outerimage-container\"><div class='av-masonry-image-container'  ><img decoding=\"async\" width=\"705\" height=\"353\" fetchpriority=\"high\" class=\"wp-image-2139 avia-img-lazy-loading-not-2139\"  src=\"https:\/\/ulrich-heister.de\/bewusstseinsblog\/wp-content\/uploads\/2018\/06\/blog-nur-Mond-705x353.jpg\" title=\"blog nur Mond\" alt=\"Praxis f\u00fcr Psychotherapie und Hypnosetherapie | ulrich-heister.de\" srcset=\"https:\/\/ulrich-heister.de\/bewusstseinsblog\/wp-content\/uploads\/2018\/06\/blog-nur-Mond-705x353.jpg 705w, https:\/\/ulrich-heister.de\/bewusstseinsblog\/wp-content\/uploads\/2018\/06\/blog-nur-Mond-300x150.jpg 300w, https:\/\/ulrich-heister.de\/bewusstseinsblog\/wp-content\/uploads\/2018\/06\/blog-nur-Mond-768x384.jpg 768w, https:\/\/ulrich-heister.de\/bewusstseinsblog\/wp-content\/uploads\/2018\/06\/blog-nur-Mond-450x225.jpg 450w, https:\/\/ulrich-heister.de\/bewusstseinsblog\/wp-content\/uploads\/2018\/06\/blog-nur-Mond.jpg 800w\" sizes=\"(max-width: 705px) 100vw, 705px\" \/><\/div><\/div><figcaption class='av-inner-masonry-content site-background'><div class='av-inner-masonry-content-pos'><div class='av-inner-masonry-content-pos-content'><div class='avia-arrow'><\/div><h3 class='av-masonry-entry-title entry-title '  itemprop=\"headline\" >Schlaflos? Muss nicht sein! Ein Training zum Einschlafen<\/h3><div class='av-masonry-entry-content entry-content'  itemprop=\"text\" >Kannst du h\u00e4ufig nicht einschlafen, weil es in Deinem Kopf so\u2026<\/div><span class='av-masonry-date meta-color updated'>14. Juni 2018<\/span><span class=\"av-masonry-text-sep text-sep-author\">\/<\/span><span class='av-masonry-author meta-color author'><span class='fn'>von Ulrich Heister<\/span><\/span><\/div><\/div><\/figcaption><\/figure><\/a><!--end av-masonry entry--><a href=\"https:\/\/ulrich-heister.de\/bewusstseinsblog\/warum-bist-du-so-wie-du-deine-persoenlichkeit-bewusst-aendern-kannst\/\"  id='av-masonry-1-item-2119' data-av-masonry-item='2119' class='av-masonry-entry isotope-item post-2119 post type-post status-publish format-image has-post-thumbnail hentry category-thema tag-blockaden tag-charakter tag-hemmnisse tag-leichtigkeit tag-personlichkeit tag-persoenlichkeitsentwicklung tag-veranderung tag-vergangenheit tag-verhalten post_format-post-format-image  av-masonry-item-with-image' title=\"blog Person\"   itemscope=\"itemscope\" itemtype=\"https:\/\/schema.org\/CreativeWork\" ><div class='av-inner-masonry-sizer'><\/div><figure class='av-inner-masonry main_color'><div class=\"av-masonry-outerimage-container\"><div class='av-masonry-image-container'  ><img decoding=\"async\" width=\"705\" height=\"353\" fetchpriority=\"high\" class=\"wp-image-2121 avia-img-lazy-loading-not-2121\"  src=\"https:\/\/ulrich-heister.de\/bewusstseinsblog\/wp-content\/uploads\/2018\/05\/blog-Person-705x353.jpg\" title=\"blog Person\" alt=\"Praxis f\u00fcr Psychotherapie und Hypnosetherapie | ulrich-heister.de\" srcset=\"https:\/\/ulrich-heister.de\/bewusstseinsblog\/wp-content\/uploads\/2018\/05\/blog-Person-705x353.jpg 705w, https:\/\/ulrich-heister.de\/bewusstseinsblog\/wp-content\/uploads\/2018\/05\/blog-Person-300x150.jpg 300w, https:\/\/ulrich-heister.de\/bewusstseinsblog\/wp-content\/uploads\/2018\/05\/blog-Person-768x384.jpg 768w, https:\/\/ulrich-heister.de\/bewusstseinsblog\/wp-content\/uploads\/2018\/05\/blog-Person-450x225.jpg 450w, https:\/\/ulrich-heister.de\/bewusstseinsblog\/wp-content\/uploads\/2018\/05\/blog-Person.jpg 800w\" sizes=\"(max-width: 705px) 100vw, 705px\" \/><\/div><\/div><figcaption class='av-inner-masonry-content site-background'><div class='av-inner-masonry-content-pos'><div class='av-inner-masonry-content-pos-content'><div class='avia-arrow'><\/div><h3 class='av-masonry-entry-title entry-title '  itemprop=\"headline\" >Warum bist Du so? Wie Du Deine Pers\u00f6nlichkeit bewusst \u00e4ndern kannst<\/h3><div class='av-masonry-entry-content entry-content'  itemprop=\"text\" >Warum bist Du so, wie Du bist? Woher kommen die Ziele, die Du\u2026<\/div><span class='av-masonry-date meta-color updated'>18. Mai 2018<\/span><span class=\"av-masonry-text-sep text-sep-author\">\/<\/span><span class='av-masonry-author meta-color author'><span class='fn'>von Ulrich Heister<\/span><\/span><\/div><\/div><\/figcaption><\/figure><\/a><!--end av-masonry entry--><a href=\"https:\/\/ulrich-heister.de\/bewusstseinsblog\/laerm-im-kopf\/\"  id='av-masonry-1-item-2113' data-av-masonry-item='2113' class='av-masonry-entry isotope-item post-2113 post type-post status-publish format-image has-post-thumbnail hentry category-thema tag-aufmerksamkeit tag-denken tag-laerm tag-ruhe tag-stille post_format-post-format-image  av-masonry-item-with-image' title=\"L\u00e4rm\"   itemscope=\"itemscope\" itemtype=\"https:\/\/schema.org\/CreativeWork\" ><div class='av-inner-masonry-sizer'><\/div><figure class='av-inner-masonry main_color'><div class=\"av-masonry-outerimage-container\"><div class='av-masonry-image-container'  ><img decoding=\"async\" width=\"705\" height=\"705\" fetchpriority=\"high\" class=\"wp-image-2114 avia-img-lazy-loading-not-2114\"  src=\"https:\/\/ulrich-heister.de\/bewusstseinsblog\/wp-content\/uploads\/2018\/05\/L\u00e4rm-705x705.jpg\" title=\"L\u00e4rm\" alt=\"Praxis f\u00fcr Psychotherapie und Hypnosetherapie | ulrich-heister.de\" srcset=\"https:\/\/ulrich-heister.de\/bewusstseinsblog\/wp-content\/uploads\/2018\/05\/L\u00e4rm-705x705.jpg 705w, https:\/\/ulrich-heister.de\/bewusstseinsblog\/wp-content\/uploads\/2018\/05\/L\u00e4rm-80x80.jpg 80w, https:\/\/ulrich-heister.de\/bewusstseinsblog\/wp-content\/uploads\/2018\/05\/L\u00e4rm-300x300.jpg 300w, https:\/\/ulrich-heister.de\/bewusstseinsblog\/wp-content\/uploads\/2018\/05\/L\u00e4rm-768x768.jpg 768w, https:\/\/ulrich-heister.de\/bewusstseinsblog\/wp-content\/uploads\/2018\/05\/L\u00e4rm-1030x1030.jpg 1030w, https:\/\/ulrich-heister.de\/bewusstseinsblog\/wp-content\/uploads\/2018\/05\/L\u00e4rm-36x36.jpg 36w, https:\/\/ulrich-heister.de\/bewusstseinsblog\/wp-content\/uploads\/2018\/05\/L\u00e4rm-180x180.jpg 180w, https:\/\/ulrich-heister.de\/bewusstseinsblog\/wp-content\/uploads\/2018\/05\/L\u00e4rm-1500x1500.jpg 1500w, https:\/\/ulrich-heister.de\/bewusstseinsblog\/wp-content\/uploads\/2018\/05\/L\u00e4rm-120x120.jpg 120w, https:\/\/ulrich-heister.de\/bewusstseinsblog\/wp-content\/uploads\/2018\/05\/L\u00e4rm-450x450.jpg 450w, https:\/\/ulrich-heister.de\/bewusstseinsblog\/wp-content\/uploads\/2018\/05\/L\u00e4rm.jpg 2000w\" sizes=\"(max-width: 705px) 100vw, 705px\" \/><\/div><\/div><figcaption class='av-inner-masonry-content site-background'><div class='av-inner-masonry-content-pos'><div class='av-inner-masonry-content-pos-content'><div class='avia-arrow'><\/div><h3 class='av-masonry-entry-title entry-title '  itemprop=\"headline\" >Hast Du L\u00e4rm im Kopf? Zwei \u00dcbungen, um zur Stille zu kommen.<\/h3><div class='av-masonry-entry-content entry-content'  itemprop=\"text\" >Kennst Du das? Im Kopf rotieren die Gedanken. Ein Gedanke jagt\u2026<\/div><span class='av-masonry-date meta-color updated'>8. Mai 2018<\/span><span class=\"av-masonry-text-sep text-sep-author\">\/<\/span><span class='av-masonry-author meta-color author'><span class='fn'>von Ulrich Heister<\/span><\/span><\/div><\/div><\/figcaption><\/figure><\/a><!--end av-masonry entry--><a href=\"https:\/\/ulrich-heister.de\/bewusstseinsblog\/endlich-dauerhaft-abnehmen-in-vier-schritten\/\"  id='av-masonry-1-item-2072' data-av-masonry-item='2072' class='av-masonry-entry isotope-item post-2072 post type-post status-publish format-image has-post-thumbnail hentry category-thema tag-abnehmen tag-energiebilanz tag-erziehung tag-gewichtsproblem tag-gewichtsreduktion post_format-post-format-image  av-masonry-item-with-image' title=\"blog Schmetterling\"   itemscope=\"itemscope\" itemtype=\"https:\/\/schema.org\/CreativeWork\" ><div class='av-inner-masonry-sizer'><\/div><figure class='av-inner-masonry main_color'><div class=\"av-masonry-outerimage-container\"><div class='av-masonry-image-container'  ><img decoding=\"async\" width=\"705\" height=\"353\" fetchpriority=\"high\" class=\"wp-image-2073 avia-img-lazy-loading-not-2073\"  src=\"https:\/\/ulrich-heister.de\/bewusstseinsblog\/wp-content\/uploads\/2018\/04\/blog-Schmetterling-705x353.jpg\" title=\"blog Schmetterling\" alt=\"Praxis f\u00fcr Psychotherapie und Hypnosetherapie | ulrich-heister.de\" srcset=\"https:\/\/ulrich-heister.de\/bewusstseinsblog\/wp-content\/uploads\/2018\/04\/blog-Schmetterling-705x353.jpg 705w, https:\/\/ulrich-heister.de\/bewusstseinsblog\/wp-content\/uploads\/2018\/04\/blog-Schmetterling-300x150.jpg 300w, https:\/\/ulrich-heister.de\/bewusstseinsblog\/wp-content\/uploads\/2018\/04\/blog-Schmetterling-768x384.jpg 768w, https:\/\/ulrich-heister.de\/bewusstseinsblog\/wp-content\/uploads\/2018\/04\/blog-Schmetterling-450x225.jpg 450w, https:\/\/ulrich-heister.de\/bewusstseinsblog\/wp-content\/uploads\/2018\/04\/blog-Schmetterling.jpg 800w\" sizes=\"(max-width: 705px) 100vw, 705px\" \/><\/div><\/div><figcaption class='av-inner-masonry-content site-background'><div class='av-inner-masonry-content-pos'><div class='av-inner-masonry-content-pos-content'><div class='avia-arrow'><\/div><h3 class='av-masonry-entry-title entry-title '  itemprop=\"headline\" >Endlich dauerhaft abnehmen in vier Schritten<\/h3><div class='av-masonry-entry-content entry-content'  itemprop=\"text\" >Hast Du bereits mehrere Versuche gestartet abzunehmen? Hast Du\u2026<\/div><span class='av-masonry-date meta-color updated'>11. April 2018<\/span><span class=\"av-masonry-text-sep text-sep-author\">\/<\/span><span class='av-masonry-author meta-color author'><span class='fn'>von Ulrich Heister<\/span><\/span><\/div><\/div><\/figcaption><\/figure><\/a><!--end av-masonry entry--><a href=\"https:\/\/ulrich-heister.de\/bewusstseinsblog\/ist-hypnose-gefaehrlich\/\"  id='av-masonry-1-item-2063' data-av-masonry-item='2063' class='av-masonry-entry isotope-item post-2063 post type-post status-publish format-image has-post-thumbnail hentry category-thema tag-hypnose tag-hypnosetherapie tag-manipulation tag-show tag-showhypnose tag-suggestion tag-ubergriff post_format-post-format-image  av-masonry-item-with-image' title=\"blog Hypnose\"   itemscope=\"itemscope\" itemtype=\"https:\/\/schema.org\/CreativeWork\" ><div class='av-inner-masonry-sizer'><\/div><figure class='av-inner-masonry main_color'><div class=\"av-masonry-outerimage-container\"><div class='av-masonry-image-container'  ><img decoding=\"async\" width=\"705\" height=\"353\" fetchpriority=\"high\" class=\"wp-image-2065 avia-img-lazy-loading-not-2065\"  src=\"https:\/\/ulrich-heister.de\/bewusstseinsblog\/wp-content\/uploads\/2018\/03\/blog-Hypnose-705x353.jpg\" title=\"blog Hypnose\" alt=\"Praxis f\u00fcr Psychotherapie und Hypnosetherapie | ulrich-heister.de\" srcset=\"https:\/\/ulrich-heister.de\/bewusstseinsblog\/wp-content\/uploads\/2018\/03\/blog-Hypnose-705x353.jpg 705w, https:\/\/ulrich-heister.de\/bewusstseinsblog\/wp-content\/uploads\/2018\/03\/blog-Hypnose-300x150.jpg 300w, https:\/\/ulrich-heister.de\/bewusstseinsblog\/wp-content\/uploads\/2018\/03\/blog-Hypnose-768x384.jpg 768w, https:\/\/ulrich-heister.de\/bewusstseinsblog\/wp-content\/uploads\/2018\/03\/blog-Hypnose-450x225.jpg 450w, https:\/\/ulrich-heister.de\/bewusstseinsblog\/wp-content\/uploads\/2018\/03\/blog-Hypnose.jpg 800w\" sizes=\"(max-width: 705px) 100vw, 705px\" \/><\/div><\/div><figcaption class='av-inner-masonry-content site-background'><div class='av-inner-masonry-content-pos'><div class='av-inner-masonry-content-pos-content'><div class='avia-arrow'><\/div><h3 class='av-masonry-entry-title entry-title '  itemprop=\"headline\" >Ist Hypnose gef\u00e4hrlich?<\/h3><div class='av-masonry-entry-content entry-content'  itemprop=\"text\" >Fast immer, wenn ich \u00fcber meinen Beruf oder mit angehenden Klienten\u2026<\/div><span class='av-masonry-date meta-color updated'>22. M\u00e4rz 2018<\/span><span class=\"av-masonry-text-sep text-sep-author\">\/<\/span><span class='av-masonry-author meta-color author'><span class='fn'>von Ulrich Heister<\/span><\/span><\/div><\/div><\/figcaption><\/figure><\/a><!--end av-masonry entry--><a href=\"https:\/\/ulrich-heister.de\/bewusstseinsblog\/vergebung-in-fuenf-schritten\/\"  id='av-masonry-1-item-2040' data-av-masonry-item='2040' class='av-masonry-entry isotope-item post-2040 post type-post status-publish format-image has-post-thumbnail hentry category-thema tag-kraenkung tag-trauma tag-vergebung tag-verletzung post_format-post-format-image  av-masonry-item-with-image' title=\"Tableau Vergebung\"   itemscope=\"itemscope\" itemtype=\"https:\/\/schema.org\/CreativeWork\" ><div class='av-inner-masonry-sizer'><\/div><figure class='av-inner-masonry main_color'><div class=\"av-masonry-outerimage-container\"><div class='av-masonry-image-container'  ><img decoding=\"async\" width=\"705\" height=\"705\" fetchpriority=\"high\" class=\"wp-image-2041 avia-img-lazy-loading-not-2041\"  src=\"https:\/\/ulrich-heister.de\/bewusstseinsblog\/wp-content\/uploads\/2018\/03\/Tableau-Vergebung-705x705.jpg\" title=\"Tableau Vergebung\" alt=\"Praxis f\u00fcr Psychotherapie und Hypnosetherapie | ulrich-heister.de\" srcset=\"https:\/\/ulrich-heister.de\/bewusstseinsblog\/wp-content\/uploads\/2018\/03\/Tableau-Vergebung-705x705.jpg 705w, https:\/\/ulrich-heister.de\/bewusstseinsblog\/wp-content\/uploads\/2018\/03\/Tableau-Vergebung-80x80.jpg 80w, https:\/\/ulrich-heister.de\/bewusstseinsblog\/wp-content\/uploads\/2018\/03\/Tableau-Vergebung-300x300.jpg 300w, https:\/\/ulrich-heister.de\/bewusstseinsblog\/wp-content\/uploads\/2018\/03\/Tableau-Vergebung-768x768.jpg 768w, https:\/\/ulrich-heister.de\/bewusstseinsblog\/wp-content\/uploads\/2018\/03\/Tableau-Vergebung-1030x1030.jpg 1030w, https:\/\/ulrich-heister.de\/bewusstseinsblog\/wp-content\/uploads\/2018\/03\/Tableau-Vergebung-36x36.jpg 36w, https:\/\/ulrich-heister.de\/bewusstseinsblog\/wp-content\/uploads\/2018\/03\/Tableau-Vergebung-180x180.jpg 180w, https:\/\/ulrich-heister.de\/bewusstseinsblog\/wp-content\/uploads\/2018\/03\/Tableau-Vergebung-1500x1500.jpg 1500w, https:\/\/ulrich-heister.de\/bewusstseinsblog\/wp-content\/uploads\/2018\/03\/Tableau-Vergebung-120x120.jpg 120w, https:\/\/ulrich-heister.de\/bewusstseinsblog\/wp-content\/uploads\/2018\/03\/Tableau-Vergebung-450x450.jpg 450w, https:\/\/ulrich-heister.de\/bewusstseinsblog\/wp-content\/uploads\/2018\/03\/Tableau-Vergebung.jpg 2000w\" sizes=\"(max-width: 705px) 100vw, 705px\" \/><\/div><\/div><figcaption class='av-inner-masonry-content site-background'><div class='av-inner-masonry-content-pos'><div class='av-inner-masonry-content-pos-content'><div class='avia-arrow'><\/div><h3 class='av-masonry-entry-title entry-title '  itemprop=\"headline\" >Vergebung in f\u00fcnf Schritten<\/h3><div class='av-masonry-entry-content entry-content'  itemprop=\"text\" >F\u00fchlst Du Dich gekr\u00e4nkt, allein gelassen oder hast Groll auf\u2026<\/div><span class='av-masonry-date meta-color updated'>10. M\u00e4rz 2018<\/span><span class=\"av-masonry-text-sep text-sep-author\">\/<\/span><span class='av-masonry-author meta-color author'><span class='fn'>von Ulrich Heister<\/span><\/span><\/div><\/div><\/figcaption><\/figure><\/a><!--end av-masonry entry--><a href=\"https:\/\/ulrich-heister.de\/bewusstseinsblog\/trennung-aber-richtig\/\"  id='av-masonry-1-item-2033' data-av-masonry-item='2033' class='av-masonry-entry isotope-item post-2033 post type-post status-publish format-image has-post-thumbnail hentry category-thema tag-gefuhle tag-liebeskummer tag-schmerz tag-trauer tag-trennung tag-wut post_format-post-format-image  av-masonry-item-with-image' title=\"blog trennung 1\"   itemscope=\"itemscope\" itemtype=\"https:\/\/schema.org\/CreativeWork\" ><div class='av-inner-masonry-sizer'><\/div><figure class='av-inner-masonry main_color'><div class=\"av-masonry-outerimage-container\"><div class='av-masonry-image-container'  ><img decoding=\"async\" width=\"705\" height=\"353\" fetchpriority=\"high\" class=\"wp-image-2037 avia-img-lazy-loading-not-2037\"  src=\"https:\/\/ulrich-heister.de\/bewusstseinsblog\/wp-content\/uploads\/2018\/02\/blog-trennung-1-705x353.jpg\" title=\"blog trennung 1\" alt=\"Praxis f\u00fcr Psychotherapie und Hypnosetherapie | ulrich-heister.de\" srcset=\"https:\/\/ulrich-heister.de\/bewusstseinsblog\/wp-content\/uploads\/2018\/02\/blog-trennung-1-705x353.jpg 705w, https:\/\/ulrich-heister.de\/bewusstseinsblog\/wp-content\/uploads\/2018\/02\/blog-trennung-1-300x150.jpg 300w, https:\/\/ulrich-heister.de\/bewusstseinsblog\/wp-content\/uploads\/2018\/02\/blog-trennung-1-768x384.jpg 768w, https:\/\/ulrich-heister.de\/bewusstseinsblog\/wp-content\/uploads\/2018\/02\/blog-trennung-1-450x225.jpg 450w, https:\/\/ulrich-heister.de\/bewusstseinsblog\/wp-content\/uploads\/2018\/02\/blog-trennung-1.jpg 800w\" sizes=\"(max-width: 705px) 100vw, 705px\" \/><\/div><\/div><figcaption class='av-inner-masonry-content site-background'><div class='av-inner-masonry-content-pos'><div class='av-inner-masonry-content-pos-content'><div class='avia-arrow'><\/div><h3 class='av-masonry-entry-title entry-title '  itemprop=\"headline\" >Wie werde ich mit einer Trennung fertig?<\/h3><div class='av-masonry-entry-content entry-content'  itemprop=\"text\" >Deine Beziehung oder Deine Ehe ist am Ende? Du bist verlassen\u2026<\/div><span class='av-masonry-date meta-color updated'>27. Februar 2018<\/span><span class=\"av-masonry-text-sep text-sep-author\">\/<\/span><span class='av-masonry-author meta-color author'><span class='fn'>von Ulrich Heister<\/span><\/span><\/div><\/div><\/figcaption><\/figure><\/a><!--end av-masonry entry--><a href=\"https:\/\/ulrich-heister.de\/bewusstseinsblog\/sieben-fakten-ueber-das-glueck\/\"  id='av-masonry-1-item-2023' data-av-masonry-item='2023' class='av-masonry-entry isotope-item post-2023 post type-post status-publish format-image has-post-thumbnail hentry category-thema tag-bewusstsein tag-glueck tag-selbstverantwortung tag-verhaltensprogramm tag-zufall tag-zukunft post_format-post-format-image  av-masonry-item-with-image' title=\"blog Gl\u00fcck\"   itemscope=\"itemscope\" itemtype=\"https:\/\/schema.org\/CreativeWork\" ><div class='av-inner-masonry-sizer'><\/div><figure class='av-inner-masonry main_color'><div class=\"av-masonry-outerimage-container\"><div class='av-masonry-image-container'  ><img decoding=\"async\" width=\"705\" height=\"353\" fetchpriority=\"high\" class=\"wp-image-2024 avia-img-lazy-loading-not-2024\"  src=\"https:\/\/ulrich-heister.de\/bewusstseinsblog\/wp-content\/uploads\/2018\/02\/blog-Gl\u00fcck-705x353.jpg\" title=\"blog Gl\u00fcck\" alt=\"Praxis f\u00fcr Psychotherapie und Hypnosetherapie | ulrich-heister.de\" srcset=\"https:\/\/ulrich-heister.de\/bewusstseinsblog\/wp-content\/uploads\/2018\/02\/blog-Gl\u00fcck-705x353.jpg 705w, https:\/\/ulrich-heister.de\/bewusstseinsblog\/wp-content\/uploads\/2018\/02\/blog-Gl\u00fcck-300x150.jpg 300w, https:\/\/ulrich-heister.de\/bewusstseinsblog\/wp-content\/uploads\/2018\/02\/blog-Gl\u00fcck-768x384.jpg 768w, https:\/\/ulrich-heister.de\/bewusstseinsblog\/wp-content\/uploads\/2018\/02\/blog-Gl\u00fcck-450x225.jpg 450w, https:\/\/ulrich-heister.de\/bewusstseinsblog\/wp-content\/uploads\/2018\/02\/blog-Gl\u00fcck.jpg 800w\" sizes=\"(max-width: 705px) 100vw, 705px\" \/><\/div><\/div><figcaption class='av-inner-masonry-content site-background'><div class='av-inner-masonry-content-pos'><div class='av-inner-masonry-content-pos-content'><div class='avia-arrow'><\/div><h3 class='av-masonry-entry-title entry-title '  itemprop=\"headline\" >Sieben Fakten \u00fcber das Gl\u00fcck<\/h3><div class='av-masonry-entry-content entry-content'  itemprop=\"text\" >Wir w\u00fcnschen einander Gl\u00fcck, es gibt Gl\u00fccksucher und Gl\u00fcck\u2026<\/div><span class='av-masonry-date meta-color updated'>8. Februar 2018<\/span><span class=\"av-masonry-text-sep text-sep-author\">\/<\/span><span class='av-masonry-author meta-color author'><span class='fn'>von Ulrich Heister<\/span><\/span><\/div><\/div><\/figcaption><\/figure><\/a><!--end av-masonry entry--><\/div><div class='av-masonry-pagination av-masonry-pagination-pagination'><nav class='pagination'><span class='pagination-meta'>Seite 1 von 4<\/span><span class='current'>1<\/span><a href='https:\/\/ulrich-heister.de\/bewusstseinsblog\/wp-json\/wp\/v2\/pages\/1963\/?avia-element-paging=2' class='inactive next_page' >2<\/a><a href='https:\/\/ulrich-heister.de\/bewusstseinsblog\/wp-json\/wp\/v2\/pages\/1963\/?avia-element-paging=3' class='inactive' >3<\/a><a href='https:\/\/ulrich-heister.de\/bewusstseinsblog\/wp-json\/wp\/v2\/pages\/1963\/?avia-element-paging=4' class='inactive' >4<\/a><\/nav>\n<\/div><\/div><\/div>\n","protected":false},"excerpt":{"rendered":"","protected":false},"author":1,"featured_media":0,"parent":0,"menu_order":0,"comment_status":"closed","ping_status":"closed","template":"","meta":{"footnotes":""},"class_list":["post-1963","page","type-page","status-publish","hentry"],"_links":{"self":[{"href":"https:\/\/ulrich-heister.de\/bewusstseinsblog\/wp-json\/wp\/v2\/pages\/1963","targetHints":{"allow":["GET"]}}],"collection":[{"href":"https:\/\/ulrich-heister.de\/bewusstseinsblog\/wp-json\/wp\/v2\/pages"}],"about":[{"href":"https:\/\/ulrich-heister.de\/bewusstseinsblog\/wp-json\/wp\/v2\/types\/page"}],"author":[{"embeddable":true,"href":"https:\/\/ulrich-heister.de\/bewusstseinsblog\/wp-json\/wp\/v2\/users\/1"}],"replies":[{"embeddable":true,"href":"https:\/\/ulrich-heister.de\/bewusstseinsblog\/wp-json\/wp\/v2\/comments?post=1963"}],"version-history":[{"count":14,"href":"https:\/\/ulrich-heister.de\/bewusstseinsblog\/wp-json\/wp\/v2\/pages\/1963\/revisions"}],"predecessor-version":[{"id":2412,"href":"https:\/\/ulrich-heister.de\/bewusstseinsblog\/wp-json\/wp\/v2\/pages\/1963\/revisions\/2412"}],"wp:attachment":[{"href":"https:\/\/ulrich-heister.de\/bewusstseinsblog\/wp-json\/wp\/v2\/media?parent=1963"}],"curies":[{"name":"wp","href":"https:\/\/api.w.org\/{rel}","templated":true}]}}